{"id":313,"date":"2023-08-18T13:48:47","date_gmt":"2023-08-18T13:48:47","guid":{"rendered":"https:\/\/malagafoodguide.com\/wordpress\/?page_id=313"},"modified":"2025-12-08T13:10:03","modified_gmt":"2025-12-08T12:10:03","slug":"spanish-west-of-malaga","status":"publish","type":"page","link":"https:\/\/themalagafoodguide.com\/index.php\/spanish-west-of-malaga\/","title":{"rendered":"Spanish West of M\u00e1laga"},"content":{"rendered":"\t\t<div data-elementor-type=\"wp-page\" data-elementor-id=\"313\" class=\"elementor elementor-313\">\n\t\t\t\t\t\t<section class=\"elementor-section elementor-top-section elementor-element elementor-element-78abf00 elementor-section-boxed elementor-section-height-default elementor-section-height-default\" data-id=\"78abf00\" data-element_type=\"section\" data-e-type=\"section\">\n\t\t\t\t\t\t<div class=\"elementor-container elementor-column-gap-default\">\n\t\t\t\t\t<div class=\"elementor-column elementor-col-100 elementor-top-column elementor-element elementor-element-fa4af9a\" data-id=\"fa4af9a\" data-element_type=\"column\" data-e-type=\"column\">\n\t\t\t<div class=\"elementor-widget-wrap elementor-element-populated\">\n\t\t\t\t\t\t<div class=\"elementor-element elementor-element-e8745fe elementor-widget elementor-widget-image\" data-id=\"e8745fe\" data-element_type=\"widget\" data-e-type=\"widget\" data-widget_type=\"image.default\">\n\t\t\t\t<div class=\"elementor-widget-container\">\n\t\t\t\t\t\t\t\t\t\t\t\t\t\t\t<img loading=\"lazy\" width=\"300\" height=\"103\" src=\"https:\/\/themalagafoodguide.com\/wp-content\/uploads\/2024\/01\/cropped-MFG3.png\" class=\"attachment-medium size-medium wp-image-3309\" alt=\"cropped-MFG3.png\" loading=\"lazy\" decoding=\"async\" \/>\t\t\t\t\t\t\t\t\t\t\t\t\t\t\t<\/div>\n\t\t\t\t<\/div>\n\t\t\t\t\t<\/div>\n\t\t<\/div>\n\t\t\t\t\t<\/div>\n\t\t<\/section>\n\t\t\t\t<section class=\"elementor-section elementor-top-section elementor-element elementor-element-1351ccb elementor-section-boxed elementor-section-height-default elementor-section-height-default\" data-id=\"1351ccb\" data-element_type=\"section\" data-e-type=\"section\">\n\t\t\t\t\t\t<div class=\"elementor-container elementor-column-gap-default\">\n\t\t\t\t\t<div class=\"elementor-column elementor-col-100 elementor-top-column elementor-element elementor-element-fbf9997\" data-id=\"fbf9997\" data-element_type=\"column\" data-e-type=\"column\">\n\t\t\t<div class=\"elementor-widget-wrap elementor-element-populated\">\n\t\t\t\t\t\t<div class=\"elementor-element elementor-element-bb50587 elementor-widget elementor-widget-text-editor\" data-id=\"bb50587\" data-element_type=\"widget\" data-e-type=\"widget\" data-widget_type=\"text-editor.default\">\n\t\t\t\t<div class=\"elementor-widget-container\">\n\t\t\t\t\t\t\t\t\t<h1 class=\"entry-title\" style=\"padding: 0px; border: 0px; outline: 0px; vertical-align: baseline; background: 0px center; font-family: 'Open Sans', Arial, sans-serif; font-size: 25px; line-height: 1.5em; color: #1f1f1f; position: relative; display: block; margin-bottom: 0px;\">Spanish Restaurants West of M\u00e1laga | M\u00e1laga Food Guide<\/h1>\t\t\t\t\t\t\t\t<\/div>\n\t\t\t\t<\/div>\n\t\t\t\t\t<\/div>\n\t\t<\/div>\n\t\t\t\t\t<\/div>\n\t\t<\/section>\n\t\t\t\t<section class=\"elementor-section elementor-top-section elementor-element elementor-element-2238381 elementor-section-boxed elementor-section-height-default elementor-section-height-default\" data-id=\"2238381\" data-element_type=\"section\" data-e-type=\"section\">\n\t\t\t\t\t\t<div class=\"elementor-container elementor-column-gap-default\">\n\t\t\t\t\t<div class=\"elementor-column elementor-col-100 elementor-top-column elementor-element elementor-element-9acdef7\" data-id=\"9acdef7\" data-element_type=\"column\" data-e-type=\"column\">\n\t\t\t<div class=\"elementor-widget-wrap elementor-element-populated\">\n\t\t\t\t\t\t<div class=\"elementor-element elementor-element-425aea7 elementor-widget elementor-widget-text-editor\" data-id=\"425aea7\" data-element_type=\"widget\" data-e-type=\"widget\" data-widget_type=\"text-editor.default\">\n\t\t\t\t<div class=\"elementor-widget-container\">\n\t\t\t\t\t\t\t\t\t<span style=\"padding: 0px; border: 0px; outline: 0px; vertical-align: baseline; background-image: initial; background-position: 0px center; background-size: initial; background-repeat: initial; background-attachment: initial; background-origin: initial; background-clip: initial; color: #1f1f1f; font-family: inherit; font-size: 15px;\">Businesses listed below have been visited by members of our evaluation team and recommended for inclusion based on our four key criteria of Quality of Food, Value for Money, Customer Service and Hygiene together with a five point online reputation search. If you visit one of these establishment we&#8217;d love to hear about your Experience. You can click the following link to send us an email\u00a0<\/span><span style=\"padding: 0px; border: 0px; outline: 0px; vertical-align: baseline; background-image: initial; background-position: 0px center; background-size: initial; background-repeat: initial; background-attachment: initial; background-origin: initial; background-clip: initial; font-family: inherit; font-size: 15px; color: #a78d40;\"><a style=\"padding: 0px; border: 0px; outline: 0px; vertical-align: baseline; background-image: initial; background-position: 0px center; background-size: initial; background-repeat: initial; background-attachment: initial; background-origin: initial; background-clip: initial; color: #FF3C10; transition: color 0.3s ease 0s; clear: none !important; float: none !important; margin-left: 0px !important; margin-right: 0px !important;\" href=\"mailto:malagafoodguide@gmail.com\" target=\"_blank\" rel=\"noopener\">myexperience@malagafoodguide<\/a><\/span>\t\t\t\t\t\t\t\t<\/div>\n\t\t\t\t<\/div>\n\t\t\t\t\t<\/div>\n\t\t<\/div>\n\t\t\t\t\t<\/div>\n\t\t<\/section>\n\t\t\t\t<section class=\"elementor-section elementor-top-section elementor-element elementor-element-b6b2280 elementor-section-boxed elementor-section-height-default elementor-section-height-default\" data-id=\"b6b2280\" data-element_type=\"section\" data-e-type=\"section\">\n\t\t\t\t\t\t<div class=\"elementor-container elementor-column-gap-default\">\n\t\t\t\t\t<div class=\"elementor-column elementor-col-100 elementor-top-column elementor-element elementor-element-a416ffc\" data-id=\"a416ffc\" data-element_type=\"column\" data-e-type=\"column\">\n\t\t\t<div class=\"elementor-widget-wrap elementor-element-populated\">\n\t\t\t\t\t\t<div class=\"elementor-element elementor-element-996d75f elementor-widget elementor-widget-text-editor\" data-id=\"996d75f\" data-element_type=\"widget\" data-e-type=\"widget\" data-widget_type=\"text-editor.default\">\n\t\t\t\t<div class=\"elementor-widget-container\">\n\t\t\t\t\t\t\t\t\t<div style=\"padding: 0px; border: 0px; outline: 0px; vertical-align: baseline; background-image: initial; background-position: 0px center; background-size: initial; background-repeat: initial; background-attachment: initial; background-origin: initial; background-clip: initial; color: #1f1f1f; font-family: 'Open Sans', Arial, sans-serif; font-size: 15px;\"><span style=\"padding: 0px; border: 0px; outline: 0px; vertical-align: baseline; background: 0px center;\">Businesses Recommended here can Upgrade their Listing to our Interactive Lifestyle Guide with\u00a0<\/span><span style=\"font-weight: var( --e-global-typography-text-font-weight ); background: 0px center; padding: 0px; border: 0px; outline: 0px; vertical-align: baseline;\">direct links to your\u00a0<\/span><span style=\"font-family: inherit; font-weight: var( --e-global-typography-text-font-weight ); background: 0px center; padding: 0px; border: 0px; outline: 0px; vertical-align: baseline;\">Email, TripAdvisor, Google Reviews, Facebook, Twitter, Instagram and Google maps for \u20ac129.00 Inclusive &#8211; The\u00a0<\/span><span style=\"font-family: inherit; font-weight: var( --e-global-typography-text-font-weight ); background: 0px center; padding: 0px; border: 0px; outline: 0px; vertical-align: baseline;\">Price of a single coffee a day; and gain full access to our entire\u00a0<\/span><span style=\"font-family: inherit; font-weight: var( --e-global-typography-text-font-weight ); background: 0px center; padding: 0px; border: 0px; outline: 0px; vertical-align: baseline;\">Social Media N<\/span><span style=\"font-family: inherit; font-weight: var( --e-global-typography-text-font-weight ); background: 0px center; padding: 0px; border: 0px; outline: 0px; vertical-align: baseline;\">etwork\u00a0<\/span><a style=\"font-family: inherit; font-weight: var( --e-global-typography-text-font-weight ); background: 0px center #ffffff; padding: 0px; border: 0px; outline: 0px; vertical-align: baseline; color: #c49c64; transition: color 0.3s ease 0s;\" href=\"https:\/\/www.themalagafoodguide.com\/p\/the-malaga-food-guide-2021-print.html\" target=\"_blank\" rel=\"noopener\"><span style=\"padding: 0px; border: 0px; outline: 0px; vertical-align: baseline; background: 0px center; color: #FF3C10;\">Click here to Upgrade Your Entry<\/span><\/a><\/div>\t\t\t\t\t\t\t\t<\/div>\n\t\t\t\t<\/div>\n\t\t\t\t\t<\/div>\n\t\t<\/div>\n\t\t\t\t\t<\/div>\n\t\t<\/section>\n\t\t\t\t<section class=\"elementor-section elementor-top-section elementor-element elementor-element-a45a6c9 elementor-section-boxed elementor-section-height-default elementor-section-height-default\" data-id=\"a45a6c9\" data-element_type=\"section\" data-e-type=\"section\">\n\t\t\t\t\t\t<div class=\"elementor-container elementor-column-gap-default\">\n\t\t\t\t\t<div class=\"elementor-column elementor-col-100 elementor-top-column elementor-element elementor-element-254745d\" data-id=\"254745d\" data-element_type=\"column\" data-e-type=\"column\">\n\t\t\t<div class=\"elementor-widget-wrap elementor-element-populated\">\n\t\t\t\t\t\t<div class=\"elementor-element elementor-element-9a3c5ee elementor-widget elementor-widget-text-editor\" data-id=\"9a3c5ee\" data-element_type=\"widget\" data-e-type=\"widget\" data-widget_type=\"text-editor.default\">\n\t\t\t\t<div class=\"elementor-widget-container\">\n\t\t\t\t\t\t\t\t\t<p><b style=\"padding: 0px; border: 0px; outline: 0px; vertical-align: baseline; background-image: initial; background-position: 0px center; background-size: initial; background-repeat: initial; background-attachment: initial; background-origin: initial; background-clip: initial; color: #1f1f1f; font-family: 'Open Sans', Arial, sans-serif; font-size: 15px;\">Spanish Restaurant Reviews\u00a0<\/b><\/p>\t\t\t\t\t\t\t\t<\/div>\n\t\t\t\t<\/div>\n\t\t\t\t\t<\/div>\n\t\t<\/div>\n\t\t\t\t\t<\/div>\n\t\t<\/section>\n\t\t\t\t<section class=\"elementor-section elementor-top-section elementor-element elementor-element-023c915 elementor-section-boxed elementor-section-height-default elementor-section-height-default\" data-id=\"023c915\" data-element_type=\"section\" data-e-type=\"section\">\n\t\t\t\t\t\t<div class=\"elementor-container elementor-column-gap-default\">\n\t\t\t\t\t<div class=\"elementor-column elementor-col-100 elementor-top-column elementor-element elementor-element-e02b19b\" data-id=\"e02b19b\" data-element_type=\"column\" data-e-type=\"column\">\n\t\t\t<div class=\"elementor-widget-wrap elementor-element-populated\">\n\t\t\t\t\t\t<div class=\"elementor-element elementor-element-32fb492 elementor-widget elementor-widget-text-editor\" data-id=\"32fb492\" data-element_type=\"widget\" data-e-type=\"widget\" data-widget_type=\"text-editor.default\">\n\t\t\t\t<div class=\"elementor-widget-container\">\n\t\t\t\t\t\t\t\t\t<div style=\"padding: 0px; border: 0px; outline: 0px; vertical-align: baseline; background-image: initial; background-position: 0px center; background-size: initial; background-repeat: initial; background-attachment: initial; background-origin: initial; background-clip: initial; color: #1f1f1f; font-family: 'Open Sans', Arial, sans-serif; font-size: 15px;\"><span style=\"padding: 0px; border: 0px; outline: 0px; vertical-align: baseline; background: 0px center; font-family: inherit;\"><span style=\"padding: 0px; border: 0px; outline: 0px; vertical-align: baseline; background-image: initial; background-position: 0px center; background-size: initial; background-repeat: initial; background-attachment: initial; background-origin: initial; background-clip: initial; color: #2e2e2e; margin: 0px; transition: all 0s ease 0s;\"><span style=\"padding: 0px; border: 0px; outline: 0px; vertical-align: baseline; background: 0px center; margin: 0px; transition: all 0s ease 0s;\"><b style=\"padding: 0px; border: 0px; outline: 0px; vertical-align: baseline; background: 0px center; transition: all 0s ease 0s;\"><span style=\"padding: 0px; border: 0px; outline: 0px; vertical-align: baseline; background: 0px center; margin: 0px; transition: all 0s ease 0s;\"><span style=\"padding: 0px; border: 0px; outline: 0px; vertical-align: baseline; background: 0px center; margin: 0px; transition: all 0s ease 0s;\">El Restaurante Escuela<\/span><\/span><\/b><\/span><\/span><br style=\"color: #2e2e2e; outline: 0px; transition: all 0s ease 0s;\" \/><span style=\"padding: 0px; border: 0px; outline: 0px; vertical-align: baseline; background-image: initial; background-position: 0px center; background-size: initial; background-repeat: initial; background-attachment: initial; background-origin: initial; background-clip: initial; color: #2e2e2e; margin: 0px; transition: all 0s ease 0s;\"><span style=\"padding: 0px; border: 0px; outline: 0px; vertical-align: baseline; background: 0px center; margin: 0px; transition: all 0s ease 0s;\"><span style=\"padding: 0px; border: 0px; outline: 0px; vertical-align: baseline; background: 0px center; margin: 0px; transition: all 0s ease 0s;\"><span style=\"padding: 0px; border: 0px; outline: 0px; vertical-align: baseline; background: 0px center; margin: 0px; transition: all 0s ease 0s;\">Avda Andaluc\u00eda 31,\u00a0<\/span><\/span><\/span><\/span><span style=\"padding: 0px; border: 0px; outline: 0px; vertical-align: baseline; background-image: initial; background-position: 0px center; background-size: initial; background-repeat: initial; background-attachment: initial; background-origin: initial; background-clip: initial; color: #2e2e2e; margin: 0px; transition: all 0s ease 0s;\"><span style=\"padding: 0px; border: 0px; outline: 0px; vertical-align: baseline; background: 0px center; margin: 0px; transition: all 0s ease 0s;\"><span style=\"padding: 0px; border: 0px; outline: 0px; vertical-align: baseline; background: 0px center; margin: 0px; transition: all 0s ease 0s;\"><span style=\"padding: 0px; border: 0px; outline: 0px; vertical-align: baseline; background: 0px center; margin: 0px; transition: all 0s ease 0s;\">29679 Benahavis, Andaluc\u00eda<\/span><\/span><\/span><\/span><br \/>C<span style=\"padding: 0px; border: 0px; outline: 0px; vertical-align: baseline; background: 0px center; font-family: inherit;\">ategory: Gastro Spanish<\/span><\/span><\/div><div style=\"padding: 0px; border: 0px; outline: 0px; vertical-align: baseline; background-image: initial; background-position: 0px center; background-size: initial; background-repeat: initial; background-attachment: initial; background-origin: initial; background-clip: initial; color: #1f1f1f; font-family: 'Open Sans', Arial, sans-serif; font-size: 15px;\"><span style=\"padding: 0px; border: 0px; outline: 0px; vertical-align: baseline; background: 0px center; font-family: inherit;\"><span style=\"padding: 0px; border: 0px; outline: 0px; vertical-align: baseline; background: 0px center;\"><span style=\"padding: 0px; border: 0px; outline: 0px; vertical-align: baseline; background: 0px center;\"><span style=\"padding: 0px; border: 0px; outline: 0px; vertical-align: baseline; background: 0px center;\"><span style=\"padding: 0px; border: 0px; outline: 0px; vertical-align: baseline; background: 0px center;\">Tel:\u00a0<\/span><\/span><\/span><\/span><span style=\"padding: 0px; border: 0px; outline: 0px; vertical-align: baseline; background-image: initial; background-position: 0px center; background-size: initial; background-repeat: initial; background-attachment: initial; background-origin: initial; background-clip: initial; color: #2e2e2e;\">952 855 242<\/span><\/span><\/div><div style=\"padding: 0px; border: 0px; outline: 0px; vertical-align: baseline; background-image: initial; background-position: 0px center; background-size: initial; background-repeat: initial; background-attachment: initial; background-origin: initial; background-clip: initial; color: #1f1f1f; font-family: 'Open Sans', Arial, sans-serif; font-size: 15px;\"><span style=\"padding: 0px; border: 0px; outline: 0px; vertical-align: baseline; background: 0px center; font-family: inherit;\"><span style=\"padding: 0px; border: 0px; outline: 0px; vertical-align: baseline; background: 0px center;\"><span style=\"padding: 0px; border: 0px; outline: 0px; vertical-align: baseline; background: 0px center;\">Find us on:\u00a0<span style=\"padding: 0px; border: 0px; outline: 0px; vertical-align: baseline; background: 0px center; color: #a78d40;\"><span style=\"padding: 0px; border: 0px; outline: 0px; vertical-align: baseline; background: 0px center;\"><a style=\"padding: 0px; border: 0px; outline: 0px; vertical-align: baseline; background-image: initial; background-position: 0px center; background-size: initial; background-repeat: initial; background-attachment: initial; background-origin: initial; background-clip: initial; color: #ff7420; transition: color 0.3s ease 0s;\" href=\"http:\/\/www.escuelahosteleria.es\/index.php\/es\/?cache=44993\" target=\"_blank\" rel=\"noopener\"><span style=\"padding: 0px; border: 0px; outline: 0px; vertical-align: baseline; background: 0px center; color: #ff3c10;\">Website<\/span><\/a>\u00a0|\u00a0<a style=\"padding: 0px; border: 0px; outline: 0px; vertical-align: baseline; background-image: initial; background-position: 0px center; background-size: initial; background-repeat: initial; background-attachment: initial; background-origin: initial; background-clip: initial; color: #c49c64; transition: color 0.3s ease 0s;\" href=\"https:\/\/www.facebook.com\/escuelahosteleria\" target=\"_blank\" rel=\"noopener\"><span style=\"padding: 0px; border: 0px; outline: 0px; vertical-align: baseline; background: 0px center; color: #ff3c10;\">Facebook<\/span><\/a>\u00a0|\u00a0<a style=\"padding: 0px; border: 0px; outline: 0px; vertical-align: baseline; background-image: initial; background-position: 0px center; background-size: initial; background-repeat: initial; background-attachment: initial; background-origin: initial; background-clip: initial; color: #c49c64; transition: color 0.3s ease 0s;\" href=\"https:\/\/www.tripadvisor.com\/Restaurant_Review-g608965-d6404238-Reviews-Escuela_Hosteleria_Benhavis-Benahavis_Costa_del_Sol_Province_of_Malaga_Andalucia.html\" target=\"_blank\" rel=\"noopener\"><span style=\"padding: 0px; border: 0px; outline: 0px; vertical-align: baseline; background: 0px center; color: #ff3c10;\">TripAdvisor<\/span><\/a>\u00a0|\u00a0<a style=\"padding: 0px; border: 0px; outline: 0px; vertical-align: baseline; background-image: initial; background-position: 0px center; background-size: initial; background-repeat: initial; background-attachment: initial; background-origin: initial; background-clip: initial; color: #c49c64; transition: color 0.3s ease 0s;\" href=\"https:\/\/www.google.co.uk\/maps\/place\/Escuela+Hosteler%C3%ADa\/@36.5218391,-5.0474153,17z\/data=!3m1!4b1!4m5!3m4!1s0xd72d546dafc0701:0x1627784a33a61b9b!8m2!3d36.5218391!4d-5.0452266\" target=\"_blank\" rel=\"noopener\"><span style=\"padding: 0px; border: 0px; outline: 0px; vertical-align: baseline; background: 0px center; color: #ff3c10;\">Google Maps<\/span><\/a><\/span>\u00a0<\/span><\/span><span style=\"padding: 0px; border: 0px; outline: 0px; vertical-align: baseline; background: 0px center; color: #a78d40;\">|\u00a0<a style=\"padding: 0px; border: 0px; outline: 0px; vertical-align: baseline; background-image: initial; background-position: 0px center; background-size: initial; background-repeat: initial; background-attachment: initial; background-origin: initial; background-clip: initial; color: #c49c64; transition: color 0.3s ease 0s;\" href=\"https:\/\/themalagafoodguide.com\/index.php\/escuela-de-hosteleria\/\" target=\"_blank\" rel=\"noopener\"><span style=\"padding: 0px; border: 0px; outline: 0px; vertical-align: baseline; background: 0px center; color: #ff3c10;\">Link to Review<\/span><\/a><\/span><\/span><\/span><\/div>\t\t\t\t\t\t\t\t<\/div>\n\t\t\t\t<\/div>\n\t\t\t\t\t<\/div>\n\t\t<\/div>\n\t\t\t\t\t<\/div>\n\t\t<\/section>\n\t\t\t\t<section class=\"elementor-section elementor-top-section elementor-element elementor-element-f167dd1 elementor-section-boxed elementor-section-height-default elementor-section-height-default\" data-id=\"f167dd1\" data-element_type=\"section\" data-e-type=\"section\">\n\t\t\t\t\t\t<div class=\"elementor-container elementor-column-gap-default\">\n\t\t\t\t\t<div class=\"elementor-column elementor-col-100 elementor-top-column elementor-element elementor-element-451065a\" data-id=\"451065a\" data-element_type=\"column\" data-e-type=\"column\">\n\t\t\t<div class=\"elementor-widget-wrap elementor-element-populated\">\n\t\t\t\t\t\t<div class=\"elementor-element elementor-element-15b18af elementor-widget elementor-widget-text-editor\" data-id=\"15b18af\" data-element_type=\"widget\" data-e-type=\"widget\" data-widget_type=\"text-editor.default\">\n\t\t\t\t<div class=\"elementor-widget-container\">\n\t\t\t\t\t\t\t\t\t<div style=\"padding: 0px; border: 0px; outline: 0px; vertical-align: baseline; background-image: initial; background-position: 0px center; background-size: initial; background-repeat: initial; background-attachment: initial; background-origin: initial; background-clip: initial; color: #1f1f1f; font-family: 'Open Sans', Arial, sans-serif; font-size: 15px;\"><span style=\"padding: 0px; border: 0px; outline: 0px; vertical-align: baseline; background: 0px center; font-family: inherit;\"><b style=\"padding: 0px; border: 0px; outline: 0px; vertical-align: baseline; background: 0px center;\"><span style=\"padding: 0px; border: 0px; outline: 0px; vertical-align: baseline; background: 0px center;\">Gastro Taberna Picoteo<\/span><\/b><br \/><span style=\"padding: 0px; border: 0px; outline: 0px; vertical-align: baseline; background: 0px center;\">Calle Larga, n\u00ba 4, Fuengirola, M\u00e1laga, 29640<br \/>Tel: 952 467 542<br \/>Category: Gastro Spanish<\/span><\/span><\/div><div style=\"padding: 0px; border: 0px; outline: 0px; vertical-align: baseline; background-image: initial; background-position: 0px center; background-size: initial; background-repeat: initial; background-attachment: initial; background-origin: initial; background-clip: initial; color: #1f1f1f; font-family: 'Open Sans', Arial, sans-serif; font-size: 15px;\"><span style=\"padding: 0px; border: 0px; outline: 0px; vertical-align: baseline; background: 0px center; font-family: inherit;\"><span style=\"padding: 0px; border: 0px; outline: 0px; vertical-align: baseline; background: 0px center;\">Find us on:\u00a0<span style=\"padding: 0px; border: 0px; outline: 0px; vertical-align: baseline; background: 0px center; color: #1f1f1f;\"><span style=\"padding: 0px; border: 0px; outline: 0px; vertical-align: baseline; background: 0px center;\"><a style=\"padding: 0px; border: 0px; outline: 0px; vertical-align: baseline; background-image: initial; background-position: 0px center; background-size: initial; background-repeat: initial; background-attachment: initial; background-origin: initial; background-clip: initial; color: #c49c64; transition: color 0.3s ease 0s;\" href=\"https:\/\/picoteo.es\/\" target=\"_blank\" rel=\"noopener\"><span style=\"padding: 0px; border: 0px; outline: 0px; vertical-align: baseline; background: 0px center; color: #ff7420;\">Website<\/span><\/a>\u00a0|\u00a0<a style=\"padding: 0px; border: 0px; outline: 0px; vertical-align: baseline; background-image: initial; background-position: 0px center; background-size: initial; background-repeat: initial; background-attachment: initial; background-origin: initial; background-clip: initial; color: ##ff7420; transition: color 0.3s ease 0s;\" href=\"https:\/\/www.facebook.com\/Picoteo.Fuengirola\/\" target=\"_blank\" rel=\"noopener\"><span style=\"padding: 0px; border: 0px; outline: 0px; vertical-align: baseline; background: 0px center; color: #ff7420;\">Facebook<\/span><\/a>\u00a0|\u00a0<a style=\"padding: 0px; border: 0px; outline: 0px; vertical-align: baseline; background-image: initial; background-position: 0px center; background-size: initial; background-repeat: initial; background-attachment: initial; background-origin: initial; background-clip: initial; color: #c49c64; transition: color 0.3s ease 0s;\" href=\"https:\/\/www.tripadvisor.es\/Restaurant_Review-g315915-d3656295-Reviews-Picoteo-Fuengirola_Costa_del_Sol_Province_of_Malaga_Andalucia.html\" target=\"_blank\" rel=\"noopener\"><span style=\"padding: 0px; border: 0px; outline: 0px; vertical-align: baseline; background: 0px center; color: #ff7420;\">TripAdvisor<\/span><\/a>\u00a0|\u00a0<a style=\"padding: 0px; border: 0px; outline: 0px; vertical-align: baseline; background-image: initial; background-position: 0px center; background-size: initial; background-repeat: initial; background-attachment: initial; background-origin: initial; background-clip: initial; color: #c49c64; transition: color 0.3s ease 0s;\" href=\"https:\/\/www.google.co.uk\/maps?safe=active&amp;sxsrf=ALeKk03IIgVNFSo9E_Ub2EAdBxWQ5pHfjg:1612955971096&amp;iflsig=AINFCbYAAAAAYCPPU3LpohYGCs_SnPls_feEqptqGwo3&amp;q=picoteo+fuengirola&amp;gs_lcp=CgZwc3ktYWIQARgAMg0ILhDHARCvARAnEJMCMgQIIxAnMgQIIxAnMgUIABCRAjIFCAAQkQIyAggAMgIILjICCAAyAggAMgIIADoKCC4QxwEQrwEQJzoICC4QxwEQowJQnwxYkBBgoipoAHAAeACAAfcBiAG5A5IBBTAuMS4xmAEAoAEBqgEHZ3dzLXdpeg&amp;um=1&amp;ie=UTF-8&amp;sa=X&amp;ved=2ahUKEwjm0Nagmd_uAhUxonEKHV5wBbkQ_AUoAnoECAQQBA\" target=\"_blank\" rel=\"noopener\"><span style=\"padding: 0px; border: 0px; outline: 0px; vertical-align: baseline; background: 0px center; color: #ff7420;\">Google Maps<\/span><\/a>\u00a0| <\/span><\/span><span style=\"padding: 0px; border: 0px; outline: 0px; vertical-align: baseline; background: 0px center;\"><a style=\"padding: 0px; border: 0px; outline: 0px; vertical-align: baseline; background-image: initial; background-position: 0px center; background-size: initial; background-repeat: initial; background-attachment: initial; background-origin: initial; background-clip: initial; color: #c49c64; transition: color 0.3s ease 0s;\" href=\"https:\/\/themalagafoodguide.com\/index.php\/the-picoteo\/\" target=\"_blank\" rel=\"noopener\"><span style=\"padding: 0px; border: 0px; outline: 0px; vertical-align: baseline; background: 0px center; color: #ff7420;\">Link to Review<\/span><\/a>\u00a0<\/span><\/span><\/span><\/div>\t\t\t\t\t\t\t\t<\/div>\n\t\t\t\t<\/div>\n\t\t\t\t\t<\/div>\n\t\t<\/div>\n\t\t\t\t\t<\/div>\n\t\t<\/section>\n\t\t\t\t<section class=\"elementor-section elementor-top-section elementor-element elementor-element-d194e00 elementor-section-boxed elementor-section-height-default elementor-section-height-default\" data-id=\"d194e00\" data-element_type=\"section\" data-e-type=\"section\">\n\t\t\t\t\t\t<div class=\"elementor-container elementor-column-gap-default\">\n\t\t\t\t\t<div class=\"elementor-column elementor-col-100 elementor-top-column elementor-element elementor-element-6a2982f\" data-id=\"6a2982f\" data-element_type=\"column\" data-e-type=\"column\">\n\t\t\t<div class=\"elementor-widget-wrap elementor-element-populated\">\n\t\t\t\t\t\t<div class=\"elementor-element elementor-element-35e5e70 elementor-widget elementor-widget-text-editor\" data-id=\"35e5e70\" data-element_type=\"widget\" data-e-type=\"widget\" data-widget_type=\"text-editor.default\">\n\t\t\t\t<div class=\"elementor-widget-container\">\n\t\t\t\t\t\t\t\t\t<p><b style=\"padding: 0px; border: 0px; outline: 0px; vertical-align: baseline; background-image: initial; background-position: 0px center; background-size: initial; background-repeat: initial; background-attachment: initial; background-origin: initial; background-clip: initial; color: #1f1f1f; font-family: 'Open Sans', Arial, sans-serif; font-size: 15px;\">Spanish Restaurants\u00a0<\/b><\/p>\t\t\t\t\t\t\t\t<\/div>\n\t\t\t\t<\/div>\n\t\t\t\t\t<\/div>\n\t\t<\/div>\n\t\t\t\t\t<\/div>\n\t\t<\/section>\n\t\t\t\t<section class=\"elementor-section elementor-top-section elementor-element elementor-element-243f0a1 elementor-section-boxed elementor-section-height-default elementor-section-height-default\" data-id=\"243f0a1\" data-element_type=\"section\" data-e-type=\"section\">\n\t\t\t\t\t\t<div class=\"elementor-container elementor-column-gap-default\">\n\t\t\t\t\t<div class=\"elementor-column elementor-col-100 elementor-top-column elementor-element elementor-element-c1fe04f\" data-id=\"c1fe04f\" data-element_type=\"column\" data-e-type=\"column\">\n\t\t\t<div class=\"elementor-widget-wrap elementor-element-populated\">\n\t\t\t\t\t\t<div class=\"elementor-element elementor-element-8903f46 elementor-widget elementor-widget-text-editor\" data-id=\"8903f46\" data-element_type=\"widget\" data-e-type=\"widget\" data-widget_type=\"text-editor.default\">\n\t\t\t\t<div class=\"elementor-widget-container\">\n\t\t\t\t\t\t\t\t\t<p><b style=\"padding: 0px; border: 0px; outline: 0px; vertical-align: baseline; background-image: initial; background-position: 0px center; background-size: initial; background-repeat: initial; background-attachment: initial; background-origin: initial; background-clip: initial; color: #1f1f1f; font-family: 'Open Sans', Arial, sans-serif; font-size: 15px;\">Casa Col\u00f3n Gastrobar<\/b><br style=\"color: #1f1f1f; font-family: 'Open Sans', Arial, sans-serif; font-size: 15px;\" \/><span style=\"color: #1f1f1f; font-family: 'Open Sans', Arial, sans-serif; font-size: 15px;\">Calle Tronc\u00f3n, 2, Fuengirola, M\u00e1laga, 29640<\/span><br style=\"color: #1f1f1f; font-family: 'Open Sans', Arial, sans-serif; font-size: 15px;\" \/><span style=\"color: #1f1f1f; font-family: 'Open Sans', Arial, sans-serif; font-size: 15px;\">Tel: 629 575 417<\/span><br style=\"color: #1f1f1f; font-family: 'Open Sans', Arial, sans-serif; font-size: 15px;\" \/><span style=\"color: #1f1f1f; font-family: 'Open Sans', Arial, sans-serif; font-size: 15px;\">Category: Gastro Spanish<\/span><\/p>\t\t\t\t\t\t\t\t<\/div>\n\t\t\t\t<\/div>\n\t\t\t\t\t<\/div>\n\t\t<\/div>\n\t\t\t\t\t<\/div>\n\t\t<\/section>\n\t\t\t\t<section class=\"elementor-section elementor-top-section elementor-element elementor-element-f37e2fa elementor-section-boxed elementor-section-height-default elementor-section-height-default\" data-id=\"f37e2fa\" data-element_type=\"section\" data-e-type=\"section\">\n\t\t\t\t\t\t<div class=\"elementor-container elementor-column-gap-default\">\n\t\t\t\t\t<div class=\"elementor-column elementor-col-100 elementor-top-column elementor-element elementor-element-08b8918\" data-id=\"08b8918\" data-element_type=\"column\" data-e-type=\"column\">\n\t\t\t<div class=\"elementor-widget-wrap elementor-element-populated\">\n\t\t\t\t\t\t<div class=\"elementor-element elementor-element-f6a3541 elementor-widget elementor-widget-text-editor\" data-id=\"f6a3541\" data-element_type=\"widget\" data-e-type=\"widget\" data-widget_type=\"text-editor.default\">\n\t\t\t\t<div class=\"elementor-widget-container\">\n\t\t\t\t\t\t\t\t\t<p><b style=\"padding: 0px; border: 0px; outline: 0px; vertical-align: baseline; background-image: initial; background-position: 0px center; background-size: initial; background-repeat: initial; background-attachment: initial; background-origin: initial; background-clip: initial; color: #1f1f1f; font-family: 'Open Sans', Arial, sans-serif; font-size: 15px;\">Bar La Plaza<\/b><br style=\"color: #1f1f1f; font-family: 'Open Sans', Arial, sans-serif; font-size: 15px;\" \/><span style=\"color: #1f1f1f; font-family: 'Open Sans', Arial, sans-serif; font-size: 15px;\">Plaza de la Constituci\u00f3n 9, Fuengirola, M\u00e1laga 29640<\/span><br style=\"color: #1f1f1f; font-family: 'Open Sans', Arial, sans-serif; font-size: 15px;\" \/><span style=\"color: #1f1f1f; font-family: 'Open Sans', Arial, sans-serif; font-size: 15px;\">Tel: 952 463 359<\/span><br style=\"color: #1f1f1f; font-family: 'Open Sans', Arial, sans-serif; font-size: 15px;\" \/><span style=\"color: #1f1f1f; font-family: 'Open Sans', Arial, sans-serif; font-size: 15px;\">Category: Contemporary Spanish\/Tapas<\/span><\/p>\t\t\t\t\t\t\t\t<\/div>\n\t\t\t\t<\/div>\n\t\t\t\t\t<\/div>\n\t\t<\/div>\n\t\t\t\t\t<\/div>\n\t\t<\/section>\n\t\t\t\t<section class=\"elementor-section elementor-top-section elementor-element elementor-element-61a1cb2 elementor-section-boxed elementor-section-height-default elementor-section-height-default\" data-id=\"61a1cb2\" data-element_type=\"section\" data-e-type=\"section\">\n\t\t\t\t\t\t<div class=\"elementor-container elementor-column-gap-default\">\n\t\t\t\t\t<div class=\"elementor-column elementor-col-100 elementor-top-column elementor-element elementor-element-c523d62\" data-id=\"c523d62\" data-element_type=\"column\" data-e-type=\"column\">\n\t\t\t<div class=\"elementor-widget-wrap elementor-element-populated\">\n\t\t\t\t\t\t<div class=\"elementor-element elementor-element-75676a7 elementor-widget elementor-widget-text-editor\" data-id=\"75676a7\" data-element_type=\"widget\" data-e-type=\"widget\" data-widget_type=\"text-editor.default\">\n\t\t\t\t<div class=\"elementor-widget-container\">\n\t\t\t\t\t\t\t\t\t<p><b style=\"padding: 0px; border: 0px; outline: 0px; vertical-align: baseline; background-image: initial; background-position: 0px center; background-size: initial; background-repeat: initial; background-attachment: initial; background-origin: initial; background-clip: initial; color: #1f1f1f; font-family: 'Open Sans', Arial, sans-serif; font-size: 15px;\">Mes\u00f3n de Andr\u00e9s<\/b><br style=\"color: #1f1f1f; font-family: 'Open Sans', Arial, sans-serif; font-size: 15px;\" \/><span style=\"color: #1f1f1f; font-family: 'Open Sans', Arial, sans-serif; font-size: 15px;\">Calle San Pancracio, 16, Fuengirola, M\u00e1laga\u00a0 29640<\/span><br style=\"color: #1f1f1f; font-family: 'Open Sans', Arial, sans-serif; font-size: 15px;\" \/><span style=\"color: #1f1f1f; font-family: 'Open Sans', Arial, sans-serif; font-size: 15px;\">Tel: 952 593 660<\/span><br style=\"color: #1f1f1f; font-family: 'Open Sans', Arial, sans-serif; font-size: 15px;\" \/><span style=\"color: #1f1f1f; font-family: 'Open Sans', Arial, sans-serif; font-size: 15px;\">Category: N\/A<\/span><\/p>\t\t\t\t\t\t\t\t<\/div>\n\t\t\t\t<\/div>\n\t\t\t\t\t<\/div>\n\t\t<\/div>\n\t\t\t\t\t<\/div>\n\t\t<\/section>\n\t\t\t\t<section class=\"elementor-section elementor-top-section elementor-element elementor-element-32f6b01 elementor-section-boxed elementor-section-height-default elementor-section-height-default\" data-id=\"32f6b01\" data-element_type=\"section\" data-e-type=\"section\">\n\t\t\t\t\t\t<div class=\"elementor-container elementor-column-gap-default\">\n\t\t\t\t\t<div class=\"elementor-column elementor-col-100 elementor-top-column elementor-element elementor-element-b853659\" data-id=\"b853659\" data-element_type=\"column\" data-e-type=\"column\">\n\t\t\t<div class=\"elementor-widget-wrap elementor-element-populated\">\n\t\t\t\t\t\t<div class=\"elementor-element elementor-element-c003109 elementor-widget elementor-widget-text-editor\" data-id=\"c003109\" data-element_type=\"widget\" data-e-type=\"widget\" data-widget_type=\"text-editor.default\">\n\t\t\t\t<div class=\"elementor-widget-container\">\n\t\t\t\t\t\t\t\t\t<p><b style=\"padding: 0px; border: 0px; outline: 0px; vertical-align: baseline; background-image: initial; background-position: 0px center; background-size: initial; background-repeat: initial; background-attachment: initial; background-origin: initial; background-clip: initial; color: #1f1f1f; font-family: 'Open Sans', Arial, sans-serif; font-size: 15px;\">Bodega Charol\u00e1is<\/b><br style=\"color: #1f1f1f; font-family: 'Open Sans', Arial, sans-serif; font-size: 15px;\" \/><span style=\"color: #1f1f1f; font-family: 'Open Sans', Arial, sans-serif; font-size: 15px;\">Calle Larga, Fuengirola, M\u00e1laga 29640<\/span><br style=\"color: #1f1f1f; font-family: 'Open Sans', Arial, sans-serif; font-size: 15px;\" \/><span style=\"color: #1f1f1f; font-family: 'Open Sans', Arial, sans-serif; font-size: 15px;\">Tel: 952 475 441<\/span><br style=\"color: #1f1f1f; font-family: 'Open Sans', Arial, sans-serif; font-size: 15px;\" \/><span style=\"color: #1f1f1f; font-family: 'Open Sans', Arial, sans-serif; font-size: 15px;\">Category: Contemporary Spanish<\/span><\/p>\t\t\t\t\t\t\t\t<\/div>\n\t\t\t\t<\/div>\n\t\t\t\t\t<\/div>\n\t\t<\/div>\n\t\t\t\t\t<\/div>\n\t\t<\/section>\n\t\t\t\t<section class=\"elementor-section elementor-top-section elementor-element elementor-element-923fc2d elementor-section-boxed elementor-section-height-default elementor-section-height-default\" data-id=\"923fc2d\" data-element_type=\"section\" data-e-type=\"section\">\n\t\t\t\t\t\t<div class=\"elementor-container elementor-column-gap-default\">\n\t\t\t\t\t<div class=\"elementor-column elementor-col-100 elementor-top-column elementor-element elementor-element-70e91ab\" data-id=\"70e91ab\" data-element_type=\"column\" data-e-type=\"column\">\n\t\t\t<div class=\"elementor-widget-wrap elementor-element-populated\">\n\t\t\t\t\t\t<div class=\"elementor-element elementor-element-3ca9819 elementor-widget elementor-widget-text-editor\" data-id=\"3ca9819\" data-element_type=\"widget\" data-e-type=\"widget\" data-widget_type=\"text-editor.default\">\n\t\t\t\t<div class=\"elementor-widget-container\">\n\t\t\t\t\t\t\t\t\t<p><b style=\"padding: 0px; border: 0px; outline: 0px; vertical-align: baseline; background-image: initial; background-position: 0px center; background-size: initial; background-repeat: initial; background-attachment: initial; background-origin: initial; background-clip: initial; color: #1f1f1f; font-family: 'Open Sans', Arial, sans-serif; font-size: 15px;\">Bodega El Tost\u00f3n<\/b><br style=\"color: #1f1f1f; font-family: 'Open Sans', Arial, sans-serif; font-size: 15px;\" \/><span style=\"color: #1f1f1f; font-family: 'Open Sans', Arial, sans-serif; font-size: 15px;\">San Pancracio &#8211; Alfonso XIII, Edificio Terminal,\u00a0 Fuengirola, M\u00e1laga 29640<\/span><br style=\"color: #1f1f1f; font-family: 'Open Sans', Arial, sans-serif; font-size: 15px;\" \/><span style=\"color: #1f1f1f; font-family: 'Open Sans', Arial, sans-serif; font-size: 15px;\">Tel: 952 475 632<\/span><br style=\"color: #1f1f1f; font-family: 'Open Sans', Arial, sans-serif; font-size: 15px;\" \/><span style=\"color: #1f1f1f; font-family: 'Open Sans', Arial, sans-serif; font-size: 15px;\">Category: Contemporary Spanish<\/span><\/p>\t\t\t\t\t\t\t\t<\/div>\n\t\t\t\t<\/div>\n\t\t\t\t\t<\/div>\n\t\t<\/div>\n\t\t\t\t\t<\/div>\n\t\t<\/section>\n\t\t\t\t<section class=\"elementor-section elementor-top-section elementor-element elementor-element-8115e0c elementor-section-boxed elementor-section-height-default elementor-section-height-default\" data-id=\"8115e0c\" data-element_type=\"section\" data-e-type=\"section\">\n\t\t\t\t\t\t<div class=\"elementor-container elementor-column-gap-default\">\n\t\t\t\t\t<div class=\"elementor-column elementor-col-100 elementor-top-column elementor-element elementor-element-7d933fd\" data-id=\"7d933fd\" data-element_type=\"column\" data-e-type=\"column\">\n\t\t\t<div class=\"elementor-widget-wrap elementor-element-populated\">\n\t\t\t\t\t\t<div class=\"elementor-element elementor-element-a1ce683 elementor-widget elementor-widget-text-editor\" data-id=\"a1ce683\" data-element_type=\"widget\" data-e-type=\"widget\" data-widget_type=\"text-editor.default\">\n\t\t\t\t<div class=\"elementor-widget-container\">\n\t\t\t\t\t\t\t\t\t<p><b style=\"padding: 0px; border: 0px; outline: 0px; vertical-align: baseline; background-image: initial; background-position: 0px center; background-size: initial; background-repeat: initial; background-attachment: initial; background-origin: initial; background-clip: initial; color: #1f1f1f; font-family: 'Open Sans', Arial, sans-serif; font-size: 15px;\">Bodega La Solera<\/b><br style=\"color: #1f1f1f; font-family: 'Open Sans', Arial, sans-serif; font-size: 15px;\" \/><span style=\"color: #1f1f1f; font-family: 'Open Sans', Arial, sans-serif; font-size: 15px;\">Calle Capit\u00e1n No 13, Fuengirola, M\u00e1laga 29640<\/span><br style=\"color: #1f1f1f; font-family: 'Open Sans', Arial, sans-serif; font-size: 15px;\" \/><span style=\"color: #1f1f1f; font-family: 'Open Sans', Arial, sans-serif; font-size: 15px;\">Tel: 952 467 708<\/span><br style=\"color: #1f1f1f; font-family: 'Open Sans', Arial, sans-serif; font-size: 15px;\" \/><span style=\"color: #1f1f1f; font-family: 'Open Sans', Arial, sans-serif; font-size: 15px;\">Category: Traditional Spanish<\/span><\/p>\t\t\t\t\t\t\t\t<\/div>\n\t\t\t\t<\/div>\n\t\t\t\t\t<\/div>\n\t\t<\/div>\n\t\t\t\t\t<\/div>\n\t\t<\/section>\n\t\t\t\t<section class=\"elementor-section elementor-top-section elementor-element elementor-element-a7f6b09 elementor-section-boxed elementor-section-height-default elementor-section-height-default\" data-id=\"a7f6b09\" data-element_type=\"section\" data-e-type=\"section\">\n\t\t\t\t\t\t<div class=\"elementor-container elementor-column-gap-default\">\n\t\t\t\t\t<div class=\"elementor-column elementor-col-100 elementor-top-column elementor-element elementor-element-ee4c614\" data-id=\"ee4c614\" data-element_type=\"column\" data-e-type=\"column\">\n\t\t\t<div class=\"elementor-widget-wrap elementor-element-populated\">\n\t\t\t\t\t\t<div class=\"elementor-element elementor-element-06fccf2 elementor-widget elementor-widget-text-editor\" data-id=\"06fccf2\" data-element_type=\"widget\" data-e-type=\"widget\" data-widget_type=\"text-editor.default\">\n\t\t\t\t<div class=\"elementor-widget-container\">\n\t\t\t\t\t\t\t\t\t<p><span style=\"padding: 0px; border: 0px; outline: 0px; vertical-align: baseline; background-image: initial; background-position: 0px center; background-size: initial; background-repeat: initial; background-attachment: initial; background-origin: initial; background-clip: initial; color: #1f1f1f; font-family: 'Open Sans', Arial, sans-serif; font-size: 15px;\"><b style=\"padding: 0px; border: 0px; outline: 0px; vertical-align: baseline; background: 0px center;\">Casanis\u00a0<\/b><\/span><br style=\"color: #1f1f1f; font-family: 'Open Sans', Arial, sans-serif; font-size: 15px;\" \/><span style=\"color: #1f1f1f; font-family: 'Open Sans', Arial, sans-serif; font-size: 15px;\">Calle Ancha 8, Marbella, M\u00e1laga 29670<\/span><br style=\"color: #1f1f1f; font-family: 'Open Sans', Arial, sans-serif; font-size: 15px;\" \/><span style=\"color: #1f1f1f; font-family: 'Open Sans', Arial, sans-serif; font-size: 15px;\">Tel: 952 900 450<\/span><br style=\"color: #1f1f1f; font-family: 'Open Sans', Arial, sans-serif; font-size: 15px;\" \/><span style=\"color: #1f1f1f; font-family: 'Open Sans', Arial, sans-serif; font-size: 15px;\">Category: N\/A<\/span><\/p>\t\t\t\t\t\t\t\t<\/div>\n\t\t\t\t<\/div>\n\t\t\t\t\t<\/div>\n\t\t<\/div>\n\t\t\t\t\t<\/div>\n\t\t<\/section>\n\t\t\t\t<section class=\"elementor-section elementor-top-section elementor-element elementor-element-6905a8b elementor-section-boxed elementor-section-height-default elementor-section-height-default\" data-id=\"6905a8b\" data-element_type=\"section\" data-e-type=\"section\">\n\t\t\t\t\t\t<div class=\"elementor-container elementor-column-gap-default\">\n\t\t\t\t\t<div class=\"elementor-column elementor-col-100 elementor-top-column elementor-element elementor-element-968a471\" data-id=\"968a471\" data-element_type=\"column\" data-e-type=\"column\">\n\t\t\t<div class=\"elementor-widget-wrap elementor-element-populated\">\n\t\t\t\t\t\t<div class=\"elementor-element elementor-element-19abbfd elementor-widget elementor-widget-text-editor\" data-id=\"19abbfd\" data-element_type=\"widget\" data-e-type=\"widget\" data-widget_type=\"text-editor.default\">\n\t\t\t\t<div class=\"elementor-widget-container\">\n\t\t\t\t\t\t\t\t\t<p><b style=\"padding: 0px; border: 0px; outline: 0px; vertical-align: baseline; background-image: initial; background-position: 0px center; background-size: initial; background-repeat: initial; background-attachment: initial; background-origin: initial; background-clip: initial; color: #1f1f1f; font-family: 'Open Sans', Arial, sans-serif; font-size: 15px;\">Dani Garc\u00eda<\/b><br style=\"color: #1f1f1f; font-family: 'Open Sans', Arial, sans-serif; font-size: 15px;\" \/><span style=\"color: #1f1f1f; font-family: 'Open Sans', Arial, sans-serif; font-size: 15px;\">Hotel Puente Romano, Bulevar Pr\u00edncipe Alfonso von Hohenlohe, Marbella. M\u00e1laga 29602<\/span><br style=\"color: #1f1f1f; font-family: 'Open Sans', Arial, sans-serif; font-size: 15px;\" \/><span style=\"color: #1f1f1f; font-family: 'Open Sans', Arial, sans-serif; font-size: 15px;\">Tel:\u00a0 952 764 252<\/span><br style=\"color: #1f1f1f; font-family: 'Open Sans', Arial, sans-serif; font-size: 15px;\" \/><span style=\"color: #1f1f1f; font-family: 'Open Sans', Arial, sans-serif; font-size: 15px;\">Category: Fine Dining<\/span><\/p>\t\t\t\t\t\t\t\t<\/div>\n\t\t\t\t<\/div>\n\t\t\t\t\t<\/div>\n\t\t<\/div>\n\t\t\t\t\t<\/div>\n\t\t<\/section>\n\t\t\t\t<section class=\"elementor-section elementor-top-section elementor-element elementor-element-f0b204d elementor-section-boxed elementor-section-height-default elementor-section-height-default\" data-id=\"f0b204d\" data-element_type=\"section\" data-e-type=\"section\">\n\t\t\t\t\t\t<div class=\"elementor-container elementor-column-gap-default\">\n\t\t\t\t\t<div class=\"elementor-column elementor-col-100 elementor-top-column elementor-element elementor-element-89d2487\" data-id=\"89d2487\" data-element_type=\"column\" data-e-type=\"column\">\n\t\t\t<div class=\"elementor-widget-wrap elementor-element-populated\">\n\t\t\t\t\t\t<div class=\"elementor-element elementor-element-ecc9925 elementor-widget elementor-widget-text-editor\" data-id=\"ecc9925\" data-element_type=\"widget\" data-e-type=\"widget\" data-widget_type=\"text-editor.default\">\n\t\t\t\t<div class=\"elementor-widget-container\">\n\t\t\t\t\t\t\t\t\t<p><b style=\"padding: 0px; border: 0px; outline: 0px; vertical-align: baseline; background-image: initial; background-position: 0px center; background-size: initial; background-repeat: initial; background-attachment: initial; background-origin: initial; background-clip: initial; color: #1f1f1f; font-family: 'Open Sans', Arial, sans-serif; font-size: 15px;\">D-Wines<\/b><br style=\"color: #1f1f1f; font-family: 'Open Sans', Arial, sans-serif; font-size: 15px;\" \/><span style=\"color: #1f1f1f; font-family: 'Open Sans', Arial, sans-serif; font-size: 15px;\">Centro Comercial Azalea, Calle Ana de Austria, 2, Marbella, M\u00e1laga 29670<\/span><br style=\"color: #1f1f1f; font-family: 'Open Sans', Arial, sans-serif; font-size: 15px;\" \/><span style=\"color: #1f1f1f; font-family: 'Open Sans', Arial, sans-serif; font-size: 15px;\">Tel: 951 339 309<\/span><br style=\"color: #1f1f1f; font-family: 'Open Sans', Arial, sans-serif; font-size: 15px;\" \/><span style=\"color: #1f1f1f; font-family: 'Open Sans', Arial, sans-serif; font-size: 15px;\">Category: Fine Dining<\/span><\/p>\t\t\t\t\t\t\t\t<\/div>\n\t\t\t\t<\/div>\n\t\t\t\t\t<\/div>\n\t\t<\/div>\n\t\t\t\t\t<\/div>\n\t\t<\/section>\n\t\t\t\t<section class=\"elementor-section elementor-top-section elementor-element elementor-element-78d4e37 elementor-section-boxed elementor-section-height-default elementor-section-height-default\" data-id=\"78d4e37\" data-element_type=\"section\" data-e-type=\"section\">\n\t\t\t\t\t\t<div class=\"elementor-container elementor-column-gap-default\">\n\t\t\t\t\t<div class=\"elementor-column elementor-col-100 elementor-top-column elementor-element elementor-element-3da7663\" data-id=\"3da7663\" data-element_type=\"column\" data-e-type=\"column\">\n\t\t\t<div class=\"elementor-widget-wrap elementor-element-populated\">\n\t\t\t\t\t\t<div class=\"elementor-element elementor-element-abf0958 elementor-widget elementor-widget-text-editor\" data-id=\"abf0958\" data-element_type=\"widget\" data-e-type=\"widget\" data-widget_type=\"text-editor.default\">\n\t\t\t\t<div class=\"elementor-widget-container\">\n\t\t\t\t\t\t\t\t\t<p><b style=\"padding: 0px; border: 0px; outline: 0px; vertical-align: baseline; background-image: initial; background-position: 0px center; background-size: initial; background-repeat: initial; background-attachment: initial; background-origin: initial; background-clip: initial; color: #1f1f1f; font-family: 'Open Sans', Arial, sans-serif; font-size: 15px;\">El Choco<\/b><br style=\"color: #1f1f1f; font-family: 'Open Sans', Arial, sans-serif; font-size: 15px;\" \/><span style=\"color: #1f1f1f; font-family: 'Open Sans', Arial, sans-serif; font-size: 15px;\">C\/ Francisco Cano 16, Los Boliches, M\u00e1laga 29640<\/span><br style=\"color: #1f1f1f; font-family: 'Open Sans', Arial, sans-serif; font-size: 15px;\" \/><span style=\"color: #1f1f1f; font-family: 'Open Sans', Arial, sans-serif; font-size: 15px;\">Tel: 952 468 169<\/span><br style=\"color: #1f1f1f; font-family: 'Open Sans', Arial, sans-serif; font-size: 15px;\" \/><span style=\"color: #1f1f1f; font-family: 'Open Sans', Arial, sans-serif; font-size: 15px;\">Category: Seafood\/Fish<\/span><\/p>\t\t\t\t\t\t\t\t<\/div>\n\t\t\t\t<\/div>\n\t\t\t\t\t<\/div>\n\t\t<\/div>\n\t\t\t\t\t<\/div>\n\t\t<\/section>\n\t\t\t\t<section class=\"elementor-section elementor-top-section elementor-element elementor-element-4f6fcea elementor-section-boxed elementor-section-height-default elementor-section-height-default\" data-id=\"4f6fcea\" data-element_type=\"section\" data-e-type=\"section\">\n\t\t\t\t\t\t<div class=\"elementor-container elementor-column-gap-default\">\n\t\t\t\t\t<div class=\"elementor-column elementor-col-100 elementor-top-column elementor-element elementor-element-eebe06a\" data-id=\"eebe06a\" data-element_type=\"column\" data-e-type=\"column\">\n\t\t\t<div class=\"elementor-widget-wrap elementor-element-populated\">\n\t\t\t\t\t\t<div class=\"elementor-element elementor-element-6b0e9db elementor-widget elementor-widget-text-editor\" data-id=\"6b0e9db\" data-element_type=\"widget\" data-e-type=\"widget\" data-widget_type=\"text-editor.default\">\n\t\t\t\t<div class=\"elementor-widget-container\">\n\t\t\t\t\t\t\t\t\t<p><b style=\"padding: 0px; border: 0px; outline: 0px; vertical-align: baseline; background-image: initial; background-position: 0px center; background-size: initial; background-repeat: initial; background-attachment: initial; background-origin: initial; background-clip: initial; color: #1f1f1f; font-family: 'Open Sans', Arial, sans-serif; font-size: 15px;\">El Descorche<\/b><br style=\"color: #1f1f1f; font-family: 'Open Sans', Arial, sans-serif; font-size: 15px;\" \/><span style=\"color: #1f1f1f; font-family: 'Open Sans', Arial, sans-serif; font-size: 15px;\">Calle San Antonio, 15, Fuengirola, M\u00e1laga\u00a0 29640<\/span><br style=\"color: #1f1f1f; font-family: 'Open Sans', Arial, sans-serif; font-size: 15px;\" \/><span style=\"color: #1f1f1f; font-family: 'Open Sans', Arial, sans-serif; font-size: 15px;\">Tel: 951 261 045<\/span><br style=\"color: #1f1f1f; font-family: 'Open Sans', Arial, sans-serif; font-size: 15px;\" \/><span style=\"color: #1f1f1f; font-family: 'Open Sans', Arial, sans-serif; font-size: 15px;\">Category: N\/A<\/span><\/p>\t\t\t\t\t\t\t\t<\/div>\n\t\t\t\t<\/div>\n\t\t\t\t\t<\/div>\n\t\t<\/div>\n\t\t\t\t\t<\/div>\n\t\t<\/section>\n\t\t\t\t<section class=\"elementor-section elementor-top-section elementor-element elementor-element-b66d232 elementor-section-boxed elementor-section-height-default elementor-section-height-default\" data-id=\"b66d232\" data-element_type=\"section\" data-e-type=\"section\">\n\t\t\t\t\t\t<div class=\"elementor-container elementor-column-gap-default\">\n\t\t\t\t\t<div class=\"elementor-column elementor-col-100 elementor-top-column elementor-element elementor-element-5d8ca6a\" data-id=\"5d8ca6a\" data-element_type=\"column\" data-e-type=\"column\">\n\t\t\t<div class=\"elementor-widget-wrap elementor-element-populated\">\n\t\t\t\t\t\t<div class=\"elementor-element elementor-element-d1e4404 elementor-widget elementor-widget-text-editor\" data-id=\"d1e4404\" data-element_type=\"widget\" data-e-type=\"widget\" data-widget_type=\"text-editor.default\">\n\t\t\t\t<div class=\"elementor-widget-container\">\n\t\t\t\t\t\t\t\t\t<p><b style=\"padding: 0px; border: 0px; outline: 0px; vertical-align: baseline; background-image: initial; background-position: 0px center; background-size: initial; background-repeat: initial; background-attachment: initial; background-origin: initial; background-clip: initial; color: #1f1f1f; font-family: 'Open Sans', Arial, sans-serif; font-size: 15px;\">El Rancho de Salva<\/b><br style=\"color: #1f1f1f; font-family: 'Open Sans', Arial, sans-serif; font-size: 15px;\" \/><span style=\"color: #1f1f1f; font-family: 'Open Sans', Arial, sans-serif; font-size: 15px;\">Calle Juan Sebasti\u00e1n Elcano, 3, Fuengirola, M\u00e1laga\u00a0 29640<\/span><br style=\"color: #1f1f1f; font-family: 'Open Sans', Arial, sans-serif; font-size: 15px;\" \/><span style=\"color: #1f1f1f; font-family: 'Open Sans', Arial, sans-serif; font-size: 15px;\">Tel: 951 396 671<\/span><br style=\"color: #1f1f1f; font-family: 'Open Sans', Arial, sans-serif; font-size: 15px;\" \/><span style=\"color: #1f1f1f; font-family: 'Open Sans', Arial, sans-serif; font-size: 15px;\">Category: Meat (Parillada)<\/span><\/p>\t\t\t\t\t\t\t\t<\/div>\n\t\t\t\t<\/div>\n\t\t\t\t\t<\/div>\n\t\t<\/div>\n\t\t\t\t\t<\/div>\n\t\t<\/section>\n\t\t\t\t<section class=\"elementor-section elementor-top-section elementor-element elementor-element-f0a443c elementor-section-boxed elementor-section-height-default elementor-section-height-default\" data-id=\"f0a443c\" data-element_type=\"section\" data-e-type=\"section\">\n\t\t\t\t\t\t<div class=\"elementor-container elementor-column-gap-default\">\n\t\t\t\t\t<div class=\"elementor-column elementor-col-100 elementor-top-column elementor-element elementor-element-15a21af\" data-id=\"15a21af\" data-element_type=\"column\" data-e-type=\"column\">\n\t\t\t<div class=\"elementor-widget-wrap elementor-element-populated\">\n\t\t\t\t\t\t<div class=\"elementor-element elementor-element-abe4da0 elementor-widget elementor-widget-text-editor\" data-id=\"abe4da0\" data-element_type=\"widget\" data-e-type=\"widget\" data-widget_type=\"text-editor.default\">\n\t\t\t\t<div class=\"elementor-widget-container\">\n\t\t\t\t\t\t\t\t\t<p><b style=\"padding: 0px; border: 0px; outline: 0px; vertical-align: baseline; background-image: initial; background-position: 0px center; background-size: initial; background-repeat: initial; background-attachment: initial; background-origin: initial; background-clip: initial; color: #1f1f1f; font-family: 'Open Sans', Arial, sans-serif; font-size: 15px;\">El Rio<\/b><br style=\"color: #1f1f1f; font-family: 'Open Sans', Arial, sans-serif; font-size: 15px;\" \/><span style=\"color: #1f1f1f; font-family: 'Open Sans', Arial, sans-serif; font-size: 15px;\">Calle Manuel Fern\u00e1ndez, Los Boliches, M\u00e1laga 29640<\/span><br style=\"color: #1f1f1f; font-family: 'Open Sans', Arial, sans-serif; font-size: 15px;\" \/><span style=\"color: #1f1f1f; font-family: 'Open Sans', Arial, sans-serif; font-size: 15px;\">Tel: 952 664 311<\/span><br style=\"color: #1f1f1f; font-family: 'Open Sans', Arial, sans-serif; font-size: 15px;\" \/><span style=\"color: #1f1f1f; font-family: 'Open Sans', Arial, sans-serif; font-size: 15px;\">Category: Traditional Spanish\/Tapas<\/span><\/p>\t\t\t\t\t\t\t\t<\/div>\n\t\t\t\t<\/div>\n\t\t\t\t\t<\/div>\n\t\t<\/div>\n\t\t\t\t\t<\/div>\n\t\t<\/section>\n\t\t\t\t<section class=\"elementor-section elementor-top-section elementor-element elementor-element-9e38ca8 elementor-section-boxed elementor-section-height-default elementor-section-height-default\" data-id=\"9e38ca8\" data-element_type=\"section\" data-e-type=\"section\">\n\t\t\t\t\t\t<div class=\"elementor-container elementor-column-gap-default\">\n\t\t\t\t\t<div class=\"elementor-column elementor-col-100 elementor-top-column elementor-element elementor-element-8a9baeb\" data-id=\"8a9baeb\" data-element_type=\"column\" data-e-type=\"column\">\n\t\t\t<div class=\"elementor-widget-wrap elementor-element-populated\">\n\t\t\t\t\t\t<div class=\"elementor-element elementor-element-a1db88e elementor-widget elementor-widget-text-editor\" data-id=\"a1db88e\" data-element_type=\"widget\" data-e-type=\"widget\" data-widget_type=\"text-editor.default\">\n\t\t\t\t<div class=\"elementor-widget-container\">\n\t\t\t\t\t\t\t\t\t<p><b style=\"padding: 0px; border: 0px; outline: 0px; vertical-align: baseline; background-image: initial; background-position: 0px center; background-size: initial; background-repeat: initial; background-attachment: initial; background-origin: initial; background-clip: initial; color: #1f1f1f; font-family: 'Open Sans', Arial, sans-serif; font-size: 15px;\">Escuela Hosteler\u00eda<\/b><br style=\"color: #1f1f1f; font-family: 'Open Sans', Arial, sans-serif; font-size: 15px;\" \/><span style=\"color: #1f1f1f; font-family: 'Open Sans', Arial, sans-serif; font-size: 15px;\">Av. de Andalucia, 23, Benahav\u00eds, M\u00e1laga, 29679<\/span><br style=\"color: #1f1f1f; font-family: 'Open Sans', Arial, sans-serif; font-size: 15px;\" \/><span style=\"color: #1f1f1f; font-family: 'Open Sans', Arial, sans-serif; font-size: 15px;\">Tel: 952 855 242<\/span><br style=\"color: #1f1f1f; font-family: 'Open Sans', Arial, sans-serif; font-size: 15px;\" \/><span style=\"color: #1f1f1f; font-family: 'Open Sans', Arial, sans-serif; font-size: 15px;\">Category: Traditional Spanish<\/span><\/p>\t\t\t\t\t\t\t\t<\/div>\n\t\t\t\t<\/div>\n\t\t\t\t\t<\/div>\n\t\t<\/div>\n\t\t\t\t\t<\/div>\n\t\t<\/section>\n\t\t\t\t<section class=\"elementor-section elementor-top-section elementor-element elementor-element-6b2c307 elementor-section-boxed elementor-section-height-default elementor-section-height-default\" data-id=\"6b2c307\" data-element_type=\"section\" data-e-type=\"section\">\n\t\t\t\t\t\t<div class=\"elementor-container elementor-column-gap-default\">\n\t\t\t\t\t<div class=\"elementor-column elementor-col-100 elementor-top-column elementor-element elementor-element-8da9a95\" data-id=\"8da9a95\" data-element_type=\"column\" data-e-type=\"column\">\n\t\t\t<div class=\"elementor-widget-wrap elementor-element-populated\">\n\t\t\t\t\t\t<div class=\"elementor-element elementor-element-21c1f23 elementor-widget elementor-widget-text-editor\" data-id=\"21c1f23\" data-element_type=\"widget\" data-e-type=\"widget\" data-widget_type=\"text-editor.default\">\n\t\t\t\t<div class=\"elementor-widget-container\">\n\t\t\t\t\t\t\t\t\t<p><b style=\"padding: 0px; border: 0px; outline: 0px; vertical-align: baseline; background-image: initial; background-position: 0px center; background-size: initial; background-repeat: initial; background-attachment: initial; background-origin: initial; background-clip: initial; color: #1f1f1f; font-family: 'Open Sans', Arial, sans-serif; font-size: 15px;\">Kempinski\u00a0 Hotel Bahia<\/b><br style=\"color: #1f1f1f; font-family: 'Open Sans', Arial, sans-serif; font-size: 15px;\" \/><span style=\"color: #1f1f1f; font-family: 'Open Sans', Arial, sans-serif; font-size: 15px;\">Carretera de C\u00e1diz km 159, Playa El Padr\u00f3n, Marbella, M\u00e1laga 29680<\/span><br style=\"color: #1f1f1f; font-family: 'Open Sans', Arial, sans-serif; font-size: 15px;\" \/><span style=\"color: #1f1f1f; font-family: 'Open Sans', Arial, sans-serif; font-size: 15px;\">Tel: 952 809 500<\/span><br style=\"color: #1f1f1f; font-family: 'Open Sans', Arial, sans-serif; font-size: 15px;\" \/><span style=\"color: #1f1f1f; font-family: 'Open Sans', Arial, sans-serif; font-size: 15px;\">Category: Fine Dining<\/span><\/p>\t\t\t\t\t\t\t\t<\/div>\n\t\t\t\t<\/div>\n\t\t\t\t\t<\/div>\n\t\t<\/div>\n\t\t\t\t\t<\/div>\n\t\t<\/section>\n\t\t\t\t<section class=\"elementor-section elementor-top-section elementor-element elementor-element-f17b412 elementor-section-boxed elementor-section-height-default elementor-section-height-default\" data-id=\"f17b412\" data-element_type=\"section\" data-e-type=\"section\">\n\t\t\t\t\t\t<div class=\"elementor-container elementor-column-gap-default\">\n\t\t\t\t\t<div class=\"elementor-column elementor-col-100 elementor-top-column elementor-element elementor-element-1baf240\" data-id=\"1baf240\" data-element_type=\"column\" data-e-type=\"column\">\n\t\t\t<div class=\"elementor-widget-wrap elementor-element-populated\">\n\t\t\t\t\t\t<div class=\"elementor-element elementor-element-9a10412 elementor-widget elementor-widget-text-editor\" data-id=\"9a10412\" data-element_type=\"widget\" data-e-type=\"widget\" data-widget_type=\"text-editor.default\">\n\t\t\t\t<div class=\"elementor-widget-container\">\n\t\t\t\t\t\t\t\t\t<p><b style=\"padding: 0px; border: 0px; outline: 0px; vertical-align: baseline; background-image: initial; background-position: 0px center; background-size: initial; background-repeat: initial; background-attachment: initial; background-origin: initial; background-clip: initial; color: #1f1f1f; font-family: 'Open Sans', Arial, sans-serif; font-size: 15px;\">La Carihuela Chicas<\/b><br style=\"color: #1f1f1f; font-family: 'Open Sans', Arial, sans-serif; font-size: 15px;\" \/><span style=\"color: #1f1f1f; font-family: 'Open Sans', Arial, sans-serif; font-size: 15px;\">Calle San Rafael, Los Boliches, M\u00e1laga 29640<\/span><br style=\"color: #1f1f1f; font-family: 'Open Sans', Arial, sans-serif; font-size: 15px;\" \/><span style=\"color: #1f1f1f; font-family: 'Open Sans', Arial, sans-serif; font-size: 15px;\">Tel: 952 660 673<\/span><br style=\"color: #1f1f1f; font-family: 'Open Sans', Arial, sans-serif; font-size: 15px;\" \/><span style=\"color: #1f1f1f; font-family: 'Open Sans', Arial, sans-serif; font-size: 15px;\">Category: Contemporary Spanish<\/span><\/p>\t\t\t\t\t\t\t\t<\/div>\n\t\t\t\t<\/div>\n\t\t\t\t\t<\/div>\n\t\t<\/div>\n\t\t\t\t\t<\/div>\n\t\t<\/section>\n\t\t\t\t<section class=\"elementor-section elementor-top-section elementor-element elementor-element-34e0aad elementor-section-boxed elementor-section-height-default elementor-section-height-default\" data-id=\"34e0aad\" data-element_type=\"section\" data-e-type=\"section\">\n\t\t\t\t\t\t<div class=\"elementor-container elementor-column-gap-default\">\n\t\t\t\t\t<div class=\"elementor-column elementor-col-100 elementor-top-column elementor-element elementor-element-9d02f51\" data-id=\"9d02f51\" data-element_type=\"column\" data-e-type=\"column\">\n\t\t\t<div class=\"elementor-widget-wrap elementor-element-populated\">\n\t\t\t\t\t\t<div class=\"elementor-element elementor-element-2561f66 elementor-widget elementor-widget-text-editor\" data-id=\"2561f66\" data-element_type=\"widget\" data-e-type=\"widget\" data-widget_type=\"text-editor.default\">\n\t\t\t\t<div class=\"elementor-widget-container\">\n\t\t\t\t\t\t\t\t\t<p><b style=\"padding: 0px; border: 0px; outline: 0px; vertical-align: baseline; background-image: initial; background-position: 0px center; background-size: initial; background-repeat: initial; background-attachment: initial; background-origin: initial; background-clip: initial; color: #1f1f1f; font-family: 'Open Sans', Arial, sans-serif; font-size: 15px;\">La Casa Del Rey<\/b><br style=\"color: #1f1f1f; font-family: 'Open Sans', Arial, sans-serif; font-size: 15px;\" \/><span style=\"color: #1f1f1f; font-family: 'Open Sans', Arial, sans-serif; font-size: 15px;\">Raphael 7, Estepona, M\u00e1laga, 29680<\/span><br style=\"color: #1f1f1f; font-family: 'Open Sans', Arial, sans-serif; font-size: 15px;\" \/><span style=\"color: #1f1f1f; font-family: 'Open Sans', Arial, sans-serif; font-size: 15px;\">Tel : 951 965 414<\/span><br style=\"color: #1f1f1f; font-family: 'Open Sans', Arial, sans-serif; font-size: 15px;\" \/><span style=\"color: #1f1f1f; font-family: 'Open Sans', Arial, sans-serif; font-size: 15px;\">Category: N\/A<\/span><\/p>\t\t\t\t\t\t\t\t<\/div>\n\t\t\t\t<\/div>\n\t\t\t\t\t<\/div>\n\t\t<\/div>\n\t\t\t\t\t<\/div>\n\t\t<\/section>\n\t\t\t\t<section class=\"elementor-section elementor-top-section elementor-element elementor-element-2dc0d58 elementor-section-boxed elementor-section-height-default elementor-section-height-default\" data-id=\"2dc0d58\" data-element_type=\"section\" data-e-type=\"section\">\n\t\t\t\t\t\t<div class=\"elementor-container elementor-column-gap-default\">\n\t\t\t\t\t<div class=\"elementor-column elementor-col-100 elementor-top-column elementor-element elementor-element-f1e4817\" data-id=\"f1e4817\" data-element_type=\"column\" data-e-type=\"column\">\n\t\t\t<div class=\"elementor-widget-wrap elementor-element-populated\">\n\t\t\t\t\t\t<div class=\"elementor-element elementor-element-e98a0a5 elementor-widget elementor-widget-text-editor\" data-id=\"e98a0a5\" data-element_type=\"widget\" data-e-type=\"widget\" data-widget_type=\"text-editor.default\">\n\t\t\t\t<div class=\"elementor-widget-container\">\n\t\t\t\t\t\t\t\t\t<p><b style=\"padding: 0px; border: 0px; outline: 0px; vertical-align: baseline; background-image: initial; background-position: 0px center; background-size: initial; background-repeat: initial; background-attachment: initial; background-origin: initial; background-clip: initial; color: #1f1f1f; font-family: 'Open Sans', Arial, sans-serif; font-size: 15px;\">La Cepa Playa<\/b><br style=\"color: #1f1f1f; font-family: 'Open Sans', Arial, sans-serif; font-size: 15px;\" \/><span style=\"color: #1f1f1f; font-family: 'Open Sans', Arial, sans-serif; font-size: 15px;\">Paseo Mar\u00edtimo Rey de Espa\u00f1a 13, Fuengirola 29640<\/span><br style=\"color: #1f1f1f; font-family: 'Open Sans', Arial, sans-serif; font-size: 15px;\" \/><span style=\"color: #1f1f1f; font-family: 'Open Sans', Arial, sans-serif; font-size: 15px;\">Tel: 692 623 296<\/span><br style=\"color: #1f1f1f; font-family: 'Open Sans', Arial, sans-serif; font-size: 15px;\" \/><span style=\"color: #1f1f1f; font-family: 'Open Sans', Arial, sans-serif; font-size: 15px;\">Category: Chiringuito<\/span><\/p>\t\t\t\t\t\t\t\t<\/div>\n\t\t\t\t<\/div>\n\t\t\t\t\t<\/div>\n\t\t<\/div>\n\t\t\t\t\t<\/div>\n\t\t<\/section>\n\t\t\t\t<section class=\"elementor-section elementor-top-section elementor-element elementor-element-0220ccd elementor-section-boxed elementor-section-height-default elementor-section-height-default\" data-id=\"0220ccd\" data-element_type=\"section\" data-e-type=\"section\">\n\t\t\t\t\t\t<div class=\"elementor-container elementor-column-gap-default\">\n\t\t\t\t\t<div class=\"elementor-column elementor-col-100 elementor-top-column elementor-element elementor-element-ec40eba\" data-id=\"ec40eba\" data-element_type=\"column\" data-e-type=\"column\">\n\t\t\t<div class=\"elementor-widget-wrap elementor-element-populated\">\n\t\t\t\t\t\t<div class=\"elementor-element elementor-element-8b827e9 elementor-widget elementor-widget-text-editor\" data-id=\"8b827e9\" data-element_type=\"widget\" data-e-type=\"widget\" data-widget_type=\"text-editor.default\">\n\t\t\t\t<div class=\"elementor-widget-container\">\n\t\t\t\t\t\t\t\t\t<p><b style=\"padding: 0px; border: 0px; outline: 0px; vertical-align: baseline; background-image: initial; background-position: 0px center; background-size: initial; background-repeat: initial; background-attachment: initial; background-origin: initial; background-clip: initial; color: #1f1f1f; font-family: 'Open Sans', Arial, sans-serif; font-size: 15px;\">Los Enebros<\/b><br style=\"color: #1f1f1f; font-family: 'Open Sans', Arial, sans-serif; font-size: 15px;\" \/><span style=\"color: #1f1f1f; font-family: 'Open Sans', Arial, sans-serif; font-size: 15px;\">Av. Nuestro Padre Jes\u00fas Cautivo, 19, Fuengirola, M\u00e1laga, 29640<\/span><br style=\"color: #1f1f1f; font-family: 'Open Sans', Arial, sans-serif; font-size: 15px;\" \/><span style=\"color: #1f1f1f; font-family: 'Open Sans', Arial, sans-serif; font-size: 15px;\">Tel: 952 665 550<\/span><br style=\"color: #1f1f1f; font-family: 'Open Sans', Arial, sans-serif; font-size: 15px;\" \/><span style=\"color: #1f1f1f; font-family: 'Open Sans', Arial, sans-serif; font-size: 15px;\">Category: Traditional Spanish<\/span><\/p>\t\t\t\t\t\t\t\t<\/div>\n\t\t\t\t<\/div>\n\t\t\t\t\t<\/div>\n\t\t<\/div>\n\t\t\t\t\t<\/div>\n\t\t<\/section>\n\t\t\t\t<section class=\"elementor-section elementor-top-section elementor-element elementor-element-0fba7e8 elementor-section-boxed elementor-section-height-default elementor-section-height-default\" data-id=\"0fba7e8\" data-element_type=\"section\" data-e-type=\"section\">\n\t\t\t\t\t\t<div class=\"elementor-container elementor-column-gap-default\">\n\t\t\t\t\t<div class=\"elementor-column elementor-col-100 elementor-top-column elementor-element elementor-element-e799126\" data-id=\"e799126\" data-element_type=\"column\" data-e-type=\"column\">\n\t\t\t<div class=\"elementor-widget-wrap elementor-element-populated\">\n\t\t\t\t\t\t<div class=\"elementor-element elementor-element-d30bbb6 elementor-widget elementor-widget-text-editor\" data-id=\"d30bbb6\" data-element_type=\"widget\" data-e-type=\"widget\" data-widget_type=\"text-editor.default\">\n\t\t\t\t<div class=\"elementor-widget-container\">\n\t\t\t\t\t\t\t\t\t<p><b style=\"padding: 0px; border: 0px; outline: 0px; vertical-align: baseline; background-image: initial; background-position: 0px center; background-size: initial; background-repeat: initial; background-attachment: initial; background-origin: initial; background-clip: initial; color: #1f1f1f; font-family: 'Open Sans', Arial, sans-serif; font-size: 15px;\">Madrid Playa<\/b><br style=\"color: #1f1f1f; font-family: 'Open Sans', Arial, sans-serif; font-size: 15px;\" \/><span style=\"color: #1f1f1f; font-family: 'Open Sans', Arial, sans-serif; font-size: 15px;\">Paseo Mar\u00edtimo Rey de Espa\u00f1a, 93, Fuengirola, M\u00e1laga 29640<\/span><br style=\"color: #1f1f1f; font-family: 'Open Sans', Arial, sans-serif; font-size: 15px;\" \/><span style=\"color: #1f1f1f; font-family: 'Open Sans', Arial, sans-serif; font-size: 15px;\">Tel: 952 196 161<\/span><br style=\"color: #1f1f1f; font-family: 'Open Sans', Arial, sans-serif; font-size: 15px;\" \/><span style=\"color: #1f1f1f; font-family: 'Open Sans', Arial, sans-serif; font-size: 15px;\">Category: Chiringuito<\/span><\/p>\t\t\t\t\t\t\t\t<\/div>\n\t\t\t\t<\/div>\n\t\t\t\t\t<\/div>\n\t\t<\/div>\n\t\t\t\t\t<\/div>\n\t\t<\/section>\n\t\t\t\t<section class=\"elementor-section elementor-top-section elementor-element elementor-element-66007b4 elementor-section-boxed elementor-section-height-default elementor-section-height-default\" data-id=\"66007b4\" data-element_type=\"section\" data-e-type=\"section\">\n\t\t\t\t\t\t<div class=\"elementor-container elementor-column-gap-default\">\n\t\t\t\t\t<div class=\"elementor-column elementor-col-100 elementor-top-column elementor-element elementor-element-c1b98ac\" data-id=\"c1b98ac\" data-element_type=\"column\" data-e-type=\"column\">\n\t\t\t<div class=\"elementor-widget-wrap elementor-element-populated\">\n\t\t\t\t\t\t<div class=\"elementor-element elementor-element-427d54b elementor-widget elementor-widget-text-editor\" data-id=\"427d54b\" data-element_type=\"widget\" data-e-type=\"widget\" data-widget_type=\"text-editor.default\">\n\t\t\t\t<div class=\"elementor-widget-container\">\n\t\t\t\t\t\t\t\t\t<p><b style=\"padding: 0px; border: 0px; outline: 0px; vertical-align: baseline; background-image: initial; background-position: 0px center; background-size: initial; background-repeat: initial; background-attachment: initial; background-origin: initial; background-clip: initial; color: #1f1f1f; font-family: 'Open Sans', Arial, sans-serif; font-size: 15px;\">Marisquer\u00eda Casa Paco<\/b><br style=\"color: #1f1f1f; font-family: 'Open Sans', Arial, sans-serif; font-size: 15px;\" \/><span style=\"color: #1f1f1f; font-family: 'Open Sans', Arial, sans-serif; font-size: 15px;\">Carretera M\u00e1laga, 79, Alhaur\u00edn el Grande, M\u00e1laga 29120<\/span><br style=\"color: #1f1f1f; font-family: 'Open Sans', Arial, sans-serif; font-size: 15px;\" \/><span style=\"color: #1f1f1f; font-family: 'Open Sans', Arial, sans-serif; font-size: 15px;\">Tel: 952 490 626<\/span><br style=\"color: #1f1f1f; font-family: 'Open Sans', Arial, sans-serif; font-size: 15px;\" \/><span style=\"color: #1f1f1f; font-family: 'Open Sans', Arial, sans-serif; font-size: 15px;\">Category: Seafood<\/span><\/p>\t\t\t\t\t\t\t\t<\/div>\n\t\t\t\t<\/div>\n\t\t\t\t\t<\/div>\n\t\t<\/div>\n\t\t\t\t\t<\/div>\n\t\t<\/section>\n\t\t\t\t<section class=\"elementor-section elementor-top-section elementor-element elementor-element-52a4d1b elementor-section-boxed elementor-section-height-default elementor-section-height-default\" data-id=\"52a4d1b\" data-element_type=\"section\" data-e-type=\"section\">\n\t\t\t\t\t\t<div class=\"elementor-container elementor-column-gap-default\">\n\t\t\t\t\t<div class=\"elementor-column elementor-col-100 elementor-top-column elementor-element elementor-element-0f9e9a2\" data-id=\"0f9e9a2\" data-element_type=\"column\" data-e-type=\"column\">\n\t\t\t<div class=\"elementor-widget-wrap elementor-element-populated\">\n\t\t\t\t\t\t<div class=\"elementor-element elementor-element-5603de5 elementor-widget elementor-widget-text-editor\" data-id=\"5603de5\" data-element_type=\"widget\" data-e-type=\"widget\" data-widget_type=\"text-editor.default\">\n\t\t\t\t<div class=\"elementor-widget-container\">\n\t\t\t\t\t\t\t\t\t<p><b style=\"padding: 0px; border: 0px; outline: 0px; vertical-align: baseline; background-image: initial; background-position: 0px center; background-size: initial; background-repeat: initial; background-attachment: initial; background-origin: initial; background-clip: initial; color: #1f1f1f; font-family: 'Open Sans', Arial, sans-serif; font-size: 15px;\">Mes\u00f3n El Caballo<\/b><br style=\"color: #1f1f1f; font-family: 'Open Sans', Arial, sans-serif; font-size: 15px;\" \/><span style=\"color: #1f1f1f; font-family: 'Open Sans', Arial, sans-serif; font-size: 15px;\">Calle de Lamo de Espinosa, 37-43, Fuengirola, M\u00e1laga, 29640<\/span><br style=\"color: #1f1f1f; font-family: 'Open Sans', Arial, sans-serif; font-size: 15px;\" \/><span style=\"color: #1f1f1f; font-family: 'Open Sans', Arial, sans-serif; font-size: 15px;\">Tel : 952 582 786<\/span><br style=\"color: #1f1f1f; font-family: 'Open Sans', Arial, sans-serif; font-size: 15px;\" \/><span style=\"color: #1f1f1f; font-family: 'Open Sans', Arial, sans-serif; font-size: 15px;\">Category : Gastro Spanish<\/span><\/p>\t\t\t\t\t\t\t\t<\/div>\n\t\t\t\t<\/div>\n\t\t\t\t\t<\/div>\n\t\t<\/div>\n\t\t\t\t\t<\/div>\n\t\t<\/section>\n\t\t\t\t<section class=\"elementor-section elementor-top-section elementor-element elementor-element-f42e20e elementor-section-boxed elementor-section-height-default elementor-section-height-default\" data-id=\"f42e20e\" data-element_type=\"section\" data-e-type=\"section\">\n\t\t\t\t\t\t<div class=\"elementor-container elementor-column-gap-default\">\n\t\t\t\t\t<div class=\"elementor-column elementor-col-100 elementor-top-column elementor-element elementor-element-66edce0\" data-id=\"66edce0\" data-element_type=\"column\" data-e-type=\"column\">\n\t\t\t<div class=\"elementor-widget-wrap elementor-element-populated\">\n\t\t\t\t\t\t<div class=\"elementor-element elementor-element-1e33daf elementor-widget elementor-widget-text-editor\" data-id=\"1e33daf\" data-element_type=\"widget\" data-e-type=\"widget\" data-widget_type=\"text-editor.default\">\n\t\t\t\t<div class=\"elementor-widget-container\">\n\t\t\t\t\t\t\t\t\t<p><b style=\"padding: 0px; border: 0px; outline: 0px; vertical-align: baseline; background-image: initial; background-position: 0px center; background-size: initial; background-repeat: initial; background-attachment: initial; background-origin: initial; background-clip: initial; color: #1f1f1f; font-family: 'Open Sans', Arial, sans-serif; font-size: 15px;\">Mes\u00f3n El Torillo<\/b><br style=\"color: #1f1f1f; font-family: 'Open Sans', Arial, sans-serif; font-size: 15px;\" \/><span style=\"color: #1f1f1f; font-family: 'Open Sans', Arial, sans-serif; font-size: 15px;\">Avda. Ram\u00f3n y Cajal 37, Fuengirola, M\u00e1laga 29640<\/span><br style=\"color: #1f1f1f; font-family: 'Open Sans', Arial, sans-serif; font-size: 15px;\" \/><span style=\"color: #1f1f1f; font-family: 'Open Sans', Arial, sans-serif; font-size: 15px;\">Tel: 952 472 155<\/span><br style=\"color: #1f1f1f; font-family: 'Open Sans', Arial, sans-serif; font-size: 15px;\" \/><span style=\"color: #1f1f1f; font-family: 'Open Sans', Arial, sans-serif; font-size: 15px;\">Category: Contemporary Spanish<\/span><\/p>\t\t\t\t\t\t\t\t<\/div>\n\t\t\t\t<\/div>\n\t\t\t\t\t<\/div>\n\t\t<\/div>\n\t\t\t\t\t<\/div>\n\t\t<\/section>\n\t\t\t\t<section class=\"elementor-section elementor-top-section elementor-element elementor-element-93c4bff elementor-section-boxed elementor-section-height-default elementor-section-height-default\" data-id=\"93c4bff\" data-element_type=\"section\" data-e-type=\"section\">\n\t\t\t\t\t\t<div class=\"elementor-container elementor-column-gap-default\">\n\t\t\t\t\t<div class=\"elementor-column elementor-col-100 elementor-top-column elementor-element elementor-element-f84718d\" data-id=\"f84718d\" data-element_type=\"column\" data-e-type=\"column\">\n\t\t\t<div class=\"elementor-widget-wrap elementor-element-populated\">\n\t\t\t\t\t\t<div class=\"elementor-element elementor-element-377ed28 elementor-widget elementor-widget-text-editor\" data-id=\"377ed28\" data-element_type=\"widget\" data-e-type=\"widget\" data-widget_type=\"text-editor.default\">\n\t\t\t\t<div class=\"elementor-widget-container\">\n\t\t\t\t\t\t\t\t\t<p><b style=\"padding: 0px; border: 0px; outline: 0px; vertical-align: baseline; background-image: initial; background-position: 0px center; background-size: initial; background-repeat: initial; background-attachment: initial; background-origin: initial; background-clip: initial; color: #1f1f1f; font-family: 'Open Sans', Arial, sans-serif; font-size: 15px;\">Mes\u00f3n La Salina<\/b><br style=\"color: #1f1f1f; font-family: 'Open Sans', Arial, sans-serif; font-size: 15px;\" \/><span style=\"color: #1f1f1f; font-family: 'Open Sans', Arial, sans-serif; font-size: 15px;\">Avda. La Salina 28 &#8211; Los Boliches, M\u00e1laga, 29640<\/span><br style=\"color: #1f1f1f; font-family: 'Open Sans', Arial, sans-serif; font-size: 15px;\" \/><span style=\"color: #1f1f1f; font-family: 'Open Sans', Arial, sans-serif; font-size: 15px;\">Tel: 952 471 806<\/span><br style=\"color: #1f1f1f; font-family: 'Open Sans', Arial, sans-serif; font-size: 15px;\" \/><span style=\"color: #1f1f1f; font-family: 'Open Sans', Arial, sans-serif; font-size: 15px;\">Category: Asador<\/span><\/p>\t\t\t\t\t\t\t\t<\/div>\n\t\t\t\t<\/div>\n\t\t\t\t\t<\/div>\n\t\t<\/div>\n\t\t\t\t\t<\/div>\n\t\t<\/section>\n\t\t\t\t<section class=\"elementor-section elementor-top-section elementor-element elementor-element-6661796 elementor-section-boxed elementor-section-height-default elementor-section-height-default\" data-id=\"6661796\" data-element_type=\"section\" data-e-type=\"section\">\n\t\t\t\t\t\t<div class=\"elementor-container elementor-column-gap-default\">\n\t\t\t\t\t<div class=\"elementor-column elementor-col-100 elementor-top-column elementor-element elementor-element-a0b7044\" data-id=\"a0b7044\" data-element_type=\"column\" data-e-type=\"column\">\n\t\t\t<div class=\"elementor-widget-wrap elementor-element-populated\">\n\t\t\t\t\t\t<div class=\"elementor-element elementor-element-cc0924f elementor-widget elementor-widget-text-editor\" data-id=\"cc0924f\" data-element_type=\"widget\" data-e-type=\"widget\" data-widget_type=\"text-editor.default\">\n\t\t\t\t<div class=\"elementor-widget-container\">\n\t\t\t\t\t\t\t\t\t<p><b style=\"padding: 0px; border: 0px; outline: 0px; vertical-align: baseline; background-image: initial; background-position: 0px center; background-size: initial; background-repeat: initial; background-attachment: initial; background-origin: initial; background-clip: initial; color: #1f1f1f; font-family: 'Open Sans', Arial, sans-serif; font-size: 15px;\">Meson Salamanca<\/b><br style=\"color: #1f1f1f; font-family: 'Open Sans', Arial, sans-serif; font-size: 15px;\" \/><span style=\"color: #1f1f1f; font-family: 'Open Sans', Arial, sans-serif; font-size: 15px;\">Calle Capit\u00e1n N\u00ba 1, Fuengirola, M\u00e1laga 29640<\/span><br style=\"color: #1f1f1f; font-family: 'Open Sans', Arial, sans-serif; font-size: 15px;\" \/><span style=\"color: #1f1f1f; font-family: 'Open Sans', Arial, sans-serif; font-size: 15px;\">Tel: 952 592 287<\/span><br style=\"color: #1f1f1f; font-family: 'Open Sans', Arial, sans-serif; font-size: 15px;\" \/><span style=\"color: #1f1f1f; font-family: 'Open Sans', Arial, sans-serif; font-size: 15px;\">Category: Contemporary Spanish<\/span><\/p>\t\t\t\t\t\t\t\t<\/div>\n\t\t\t\t<\/div>\n\t\t\t\t\t<\/div>\n\t\t<\/div>\n\t\t\t\t\t<\/div>\n\t\t<\/section>\n\t\t\t\t<section class=\"elementor-section elementor-top-section elementor-element elementor-element-c13d900 elementor-section-boxed elementor-section-height-default elementor-section-height-default\" data-id=\"c13d900\" data-element_type=\"section\" data-e-type=\"section\">\n\t\t\t\t\t\t<div class=\"elementor-container elementor-column-gap-default\">\n\t\t\t\t\t<div class=\"elementor-column elementor-col-100 elementor-top-column elementor-element elementor-element-d011703\" data-id=\"d011703\" data-element_type=\"column\" data-e-type=\"column\">\n\t\t\t<div class=\"elementor-widget-wrap elementor-element-populated\">\n\t\t\t\t\t\t<div class=\"elementor-element elementor-element-a8b939a elementor-widget elementor-widget-text-editor\" data-id=\"a8b939a\" data-element_type=\"widget\" data-e-type=\"widget\" data-widget_type=\"text-editor.default\">\n\t\t\t\t<div class=\"elementor-widget-container\">\n\t\t\t\t\t\t\t\t\t<p><span style=\"padding: 0px; border: 0px; outline: 0px; vertical-align: baseline; background-image: initial; background-position: 0px center; background-size: initial; background-repeat: initial; background-attachment: initial; background-origin: initial; background-clip: initial; color: #1f1f1f; font-family: 'Open Sans', Arial, sans-serif; font-size: 15px;\"><b style=\"padding: 0px; border: 0px; outline: 0px; vertical-align: baseline; background: 0px center;\">Parrilla Cosquin<span style=\"padding: 0px; border: 0px; outline: 0px; vertical-align: baseline; background: 0px center; color: #a78d40;\">\u00a0<\/span><\/b><\/span><br style=\"color: #1f1f1f; font-family: 'Open Sans', Arial, sans-serif; font-size: 15px;\" \/><span style=\"color: #1f1f1f; font-family: 'Open Sans', Arial, sans-serif; font-size: 15px;\">Lope de Vege, Poeta Salvador Rueda, Fuengirola, M\u00e1laga\u00a0 29640<\/span><br style=\"color: #1f1f1f; font-family: 'Open Sans', Arial, sans-serif; font-size: 15px;\" \/><span style=\"color: #1f1f1f; font-family: 'Open Sans', Arial, sans-serif; font-size: 15px;\">Tel : 952 667 230<\/span><br style=\"color: #1f1f1f; font-family: 'Open Sans', Arial, sans-serif; font-size: 15px;\" \/><span style=\"color: #1f1f1f; font-family: 'Open Sans', Arial, sans-serif; font-size: 15px;\">Category: Meat (Parilladas)<\/span><\/p>\t\t\t\t\t\t\t\t<\/div>\n\t\t\t\t<\/div>\n\t\t\t\t\t<\/div>\n\t\t<\/div>\n\t\t\t\t\t<\/div>\n\t\t<\/section>\n\t\t\t\t<section class=\"elementor-section elementor-top-section elementor-element elementor-element-ed632a5 elementor-section-boxed elementor-section-height-default elementor-section-height-default\" data-id=\"ed632a5\" data-element_type=\"section\" data-e-type=\"section\">\n\t\t\t\t\t\t<div class=\"elementor-container elementor-column-gap-default\">\n\t\t\t\t\t<div class=\"elementor-column elementor-col-100 elementor-top-column elementor-element elementor-element-f576177\" data-id=\"f576177\" data-element_type=\"column\" data-e-type=\"column\">\n\t\t\t<div class=\"elementor-widget-wrap elementor-element-populated\">\n\t\t\t\t\t\t<div class=\"elementor-element elementor-element-d613466 elementor-widget elementor-widget-text-editor\" data-id=\"d613466\" data-element_type=\"widget\" data-e-type=\"widget\" data-widget_type=\"text-editor.default\">\n\t\t\t\t<div class=\"elementor-widget-container\">\n\t\t\t\t\t\t\t\t\t<p><b style=\"padding: 0px; border: 0px; outline: 0px; vertical-align: baseline; background-image: initial; background-position: 0px center; background-size: initial; background-repeat: initial; background-attachment: initial; background-origin: initial; background-clip: initial; color: #1f1f1f; font-family: 'Open Sans', Arial, sans-serif; font-size: 15px;\">Restaurante El Higuer\u00f3n<\/b><br style=\"color: #1f1f1f; font-family: 'Open Sans', Arial, sans-serif; font-size: 15px;\" \/><span style=\"color: #1f1f1f; font-family: 'Open Sans', Arial, sans-serif; font-size: 15px;\">Autov\u00eda de la Costa del Sol, Salida 217, Direcci\u00f3n Mijas Pueblo, M\u00e1laga 29640<\/span><br style=\"color: #1f1f1f; font-family: 'Open Sans', Arial, sans-serif; font-size: 15px;\" \/><span style=\"color: #1f1f1f; font-family: 'Open Sans', Arial, sans-serif; font-size: 15px;\">Tel: 952 119 163<\/span><br style=\"color: #1f1f1f; font-family: 'Open Sans', Arial, sans-serif; font-size: 15px;\" \/><span style=\"color: #1f1f1f; font-family: 'Open Sans', Arial, sans-serif; font-size: 15px;\">Category: Fine Dining<\/span><\/p>\t\t\t\t\t\t\t\t<\/div>\n\t\t\t\t<\/div>\n\t\t\t\t\t<\/div>\n\t\t<\/div>\n\t\t\t\t\t<\/div>\n\t\t<\/section>\n\t\t\t\t<section class=\"elementor-section elementor-top-section elementor-element elementor-element-0b312ac elementor-section-boxed elementor-section-height-default elementor-section-height-default\" data-id=\"0b312ac\" data-element_type=\"section\" data-e-type=\"section\">\n\t\t\t\t\t\t<div class=\"elementor-container elementor-column-gap-default\">\n\t\t\t\t\t<div class=\"elementor-column elementor-col-100 elementor-top-column elementor-element elementor-element-36d78fd\" data-id=\"36d78fd\" data-element_type=\"column\" data-e-type=\"column\">\n\t\t\t<div class=\"elementor-widget-wrap elementor-element-populated\">\n\t\t\t\t\t\t<div class=\"elementor-element elementor-element-31a5269 elementor-widget elementor-widget-text-editor\" data-id=\"31a5269\" data-element_type=\"widget\" data-e-type=\"widget\" data-widget_type=\"text-editor.default\">\n\t\t\t\t<div class=\"elementor-widget-container\">\n\t\t\t\t\t\t\t\t\t<p><b style=\"padding: 0px; border: 0px; outline: 0px; vertical-align: baseline; background-image: initial; background-position: 0px center; background-size: initial; background-repeat: initial; background-attachment: initial; background-origin: initial; background-clip: initial; color: #1f1f1f; font-family: 'Open Sans', Arial, sans-serif; font-size: 15px;\">Restaurante El Lago<\/b><br style=\"color: #1f1f1f; font-family: 'Open Sans', Arial, sans-serif; font-size: 15px;\" \/><span style=\"color: #1f1f1f; font-family: 'Open Sans', Arial, sans-serif; font-size: 15px;\">Urb. Elviria Hills, Avda. La Cumbres s\/n, Marbella, M\u00e1laga 29604<\/span><br style=\"color: #1f1f1f; font-family: 'Open Sans', Arial, sans-serif; font-size: 15px;\" \/><span style=\"color: #1f1f1f; font-family: 'Open Sans', Arial, sans-serif; font-size: 15px;\">Tel: 952 832 371<\/span><br style=\"color: #1f1f1f; font-family: 'Open Sans', Arial, sans-serif; font-size: 15px;\" \/><span style=\"color: #1f1f1f; font-family: 'Open Sans', Arial, sans-serif; font-size: 15px;\">Category: Michelin Spanish<\/span><\/p>\t\t\t\t\t\t\t\t<\/div>\n\t\t\t\t<\/div>\n\t\t\t\t\t<\/div>\n\t\t<\/div>\n\t\t\t\t\t<\/div>\n\t\t<\/section>\n\t\t\t\t<section class=\"elementor-section elementor-top-section elementor-element elementor-element-8374224 elementor-section-boxed elementor-section-height-default elementor-section-height-default\" data-id=\"8374224\" data-element_type=\"section\" data-e-type=\"section\">\n\t\t\t\t\t\t<div class=\"elementor-container elementor-column-gap-default\">\n\t\t\t\t\t<div class=\"elementor-column elementor-col-100 elementor-top-column elementor-element elementor-element-adc90fd\" data-id=\"adc90fd\" data-element_type=\"column\" data-e-type=\"column\">\n\t\t\t<div class=\"elementor-widget-wrap elementor-element-populated\">\n\t\t\t\t\t\t<div class=\"elementor-element elementor-element-e77927f elementor-widget elementor-widget-text-editor\" data-id=\"e77927f\" data-element_type=\"widget\" data-e-type=\"widget\" data-widget_type=\"text-editor.default\">\n\t\t\t\t<div class=\"elementor-widget-container\">\n\t\t\t\t\t\t\t\t\t<p><b style=\"padding: 0px; border: 0px; outline: 0px; vertical-align: baseline; background-image: initial; background-position: 0px center; background-size: initial; background-repeat: initial; background-attachment: initial; background-origin: initial; background-clip: initial; color: #1f1f1f; font-family: 'Open Sans', Arial, sans-serif; font-size: 15px;\">Restaurante Frutus<\/b><br style=\"color: #1f1f1f; font-family: 'Open Sans', Arial, sans-serif; font-size: 15px;\" \/><span style=\"color: #1f1f1f; font-family: 'Open Sans', Arial, sans-serif; font-size: 15px;\">Avenida la Riviera, 80, Torremolinos, M\u00e1laga<\/span><br style=\"color: #1f1f1f; font-family: 'Open Sans', Arial, sans-serif; font-size: 15px;\" \/><span style=\"color: #1f1f1f; font-family: 'Open Sans', Arial, sans-serif; font-size: 15px;\">Tel: 952 381 450<\/span><br style=\"color: #1f1f1f; font-family: 'Open Sans', Arial, sans-serif; font-size: 15px;\" \/><span style=\"color: #1f1f1f; font-family: 'Open Sans', Arial, sans-serif; font-size: 15px;\">Category: Contemporary Spanish<\/span><\/p>\t\t\t\t\t\t\t\t<\/div>\n\t\t\t\t<\/div>\n\t\t\t\t\t<\/div>\n\t\t<\/div>\n\t\t\t\t\t<\/div>\n\t\t<\/section>\n\t\t\t\t<section class=\"elementor-section elementor-top-section elementor-element elementor-element-a2ac56f elementor-section-boxed elementor-section-height-default elementor-section-height-default\" data-id=\"a2ac56f\" data-element_type=\"section\" data-e-type=\"section\">\n\t\t\t\t\t\t<div class=\"elementor-container elementor-column-gap-default\">\n\t\t\t\t\t<div class=\"elementor-column elementor-col-100 elementor-top-column elementor-element elementor-element-9ed3d9f\" data-id=\"9ed3d9f\" data-element_type=\"column\" data-e-type=\"column\">\n\t\t\t<div class=\"elementor-widget-wrap elementor-element-populated\">\n\t\t\t\t\t\t<div class=\"elementor-element elementor-element-79da68f elementor-widget elementor-widget-text-editor\" data-id=\"79da68f\" data-element_type=\"widget\" data-e-type=\"widget\" data-widget_type=\"text-editor.default\">\n\t\t\t\t<div class=\"elementor-widget-container\">\n\t\t\t\t\t\t\t\t\t<p><b style=\"padding: 0px; border: 0px; outline: 0px; vertical-align: baseline; background-image: initial; background-position: 0px center; background-size: initial; background-repeat: initial; background-attachment: initial; background-origin: initial; background-clip: initial; color: #1f1f1f; font-family: 'Open Sans', Arial, sans-serif; font-size: 15px;\">Restaurant La Farola<\/b><br style=\"color: #1f1f1f; font-family: 'Open Sans', Arial, sans-serif; font-size: 15px;\" \/><span style=\"color: #1f1f1f; font-family: 'Open Sans', Arial, sans-serif; font-size: 15px;\">Calle Cuesta, Edificio Yate Plaza 15, Fuengirola, M\u00e1laga 29640<\/span><br style=\"color: #1f1f1f; font-family: 'Open Sans', Arial, sans-serif; font-size: 15px;\" \/><span style=\"color: #1f1f1f; font-family: 'Open Sans', Arial, sans-serif; font-size: 15px;\">Tel: 952 461 464<\/span><br style=\"color: #1f1f1f; font-family: 'Open Sans', Arial, sans-serif; font-size: 15px;\" \/><span style=\"color: #1f1f1f; font-family: 'Open Sans', Arial, sans-serif; font-size: 15px;\">Category: Traditional Spanish<\/span><\/p>\t\t\t\t\t\t\t\t<\/div>\n\t\t\t\t<\/div>\n\t\t\t\t\t<\/div>\n\t\t<\/div>\n\t\t\t\t\t<\/div>\n\t\t<\/section>\n\t\t\t\t<section class=\"elementor-section elementor-top-section elementor-element elementor-element-178b87b elementor-section-boxed elementor-section-height-default elementor-section-height-default\" data-id=\"178b87b\" data-element_type=\"section\" data-e-type=\"section\">\n\t\t\t\t\t\t<div class=\"elementor-container elementor-column-gap-default\">\n\t\t\t\t\t<div class=\"elementor-column elementor-col-100 elementor-top-column elementor-element elementor-element-cd2deb1\" data-id=\"cd2deb1\" data-element_type=\"column\" data-e-type=\"column\">\n\t\t\t<div class=\"elementor-widget-wrap elementor-element-populated\">\n\t\t\t\t\t\t<div class=\"elementor-element elementor-element-77859ff elementor-widget elementor-widget-text-editor\" data-id=\"77859ff\" data-element_type=\"widget\" data-e-type=\"widget\" data-widget_type=\"text-editor.default\">\n\t\t\t\t<div class=\"elementor-widget-container\">\n\t\t\t\t\t\t\t\t\t<p><b style=\"padding: 0px; border: 0px; outline: 0px; vertical-align: baseline; background-image: initial; background-position: 0px center; background-size: initial; background-repeat: initial; background-attachment: initial; background-origin: initial; background-clip: initial; color: #1f1f1f; font-family: 'Open Sans', Arial, sans-serif; font-size: 15px;\">Restaurante Los Marinos Jos\u00e9<\/b><br style=\"color: #1f1f1f; font-family: 'Open Sans', Arial, sans-serif; font-size: 15px;\" \/><span style=\"color: #1f1f1f; font-family: 'Open Sans', Arial, sans-serif; font-size: 15px;\">Paseo Mar\u00edtimo Rey de Espa\u00f1a, 161, Carvajal, Fuengirola, 29640<\/span><br style=\"color: #1f1f1f; font-family: 'Open Sans', Arial, sans-serif; font-size: 15px;\" \/><span style=\"color: #1f1f1f; font-family: 'Open Sans', Arial, sans-serif; font-size: 15px;\">Tel: 952 661 012<\/span><br style=\"color: #1f1f1f; font-family: 'Open Sans', Arial, sans-serif; font-size: 15px;\" \/><span style=\"color: #1f1f1f; font-family: 'Open Sans', Arial, sans-serif; font-size: 15px;\">Categbory: Fish<\/span><\/p>\t\t\t\t\t\t\t\t<\/div>\n\t\t\t\t<\/div>\n\t\t\t\t\t<\/div>\n\t\t<\/div>\n\t\t\t\t\t<\/div>\n\t\t<\/section>\n\t\t\t\t<section class=\"elementor-section elementor-top-section elementor-element elementor-element-4f85062 elementor-section-boxed elementor-section-height-default elementor-section-height-default\" data-id=\"4f85062\" data-element_type=\"section\" data-e-type=\"section\">\n\t\t\t\t\t\t<div class=\"elementor-container elementor-column-gap-default\">\n\t\t\t\t\t<div class=\"elementor-column elementor-col-100 elementor-top-column elementor-element elementor-element-10a88b6\" data-id=\"10a88b6\" data-element_type=\"column\" data-e-type=\"column\">\n\t\t\t<div class=\"elementor-widget-wrap elementor-element-populated\">\n\t\t\t\t\t\t<div class=\"elementor-element elementor-element-96b645a elementor-widget elementor-widget-text-editor\" data-id=\"96b645a\" data-element_type=\"widget\" data-e-type=\"widget\" data-widget_type=\"text-editor.default\">\n\t\t\t\t<div class=\"elementor-widget-container\">\n\t\t\t\t\t\t\t\t\t<p><b style=\"padding: 0px; border: 0px; outline: 0px; vertical-align: baseline; background-image: initial; background-position: 0px center; background-size: initial; background-repeat: initial; background-attachment: initial; background-origin: initial; background-clip: initial; color: #1f1f1f; font-family: 'Open Sans', Arial, sans-serif; font-size: 15px;\">Restaurant Palangreros<\/b><br style=\"color: #1f1f1f; font-family: 'Open Sans', Arial, sans-serif; font-size: 15px;\" \/><span style=\"color: #1f1f1f; font-family: 'Open Sans', Arial, sans-serif; font-size: 15px;\">Calle Palangreros, 22, Fuengirola, M\u00e1laga 29640<\/span><br style=\"color: #1f1f1f; font-family: 'Open Sans', Arial, sans-serif; font-size: 15px;\" \/><span style=\"color: #1f1f1f; font-family: 'Open Sans', Arial, sans-serif; font-size: 15px;\">Tel: 952 586 957<\/span><br style=\"color: #1f1f1f; font-family: 'Open Sans', Arial, sans-serif; font-size: 15px;\" \/><span style=\"color: #1f1f1f; font-family: 'Open Sans', Arial, sans-serif; font-size: 15px;\">Category: N\/A<\/span><\/p>\t\t\t\t\t\t\t\t<\/div>\n\t\t\t\t<\/div>\n\t\t\t\t\t<\/div>\n\t\t<\/div>\n\t\t\t\t\t<\/div>\n\t\t<\/section>\n\t\t\t\t<section class=\"elementor-section elementor-top-section elementor-element elementor-element-844ce08 elementor-section-boxed elementor-section-height-default elementor-section-height-default\" data-id=\"844ce08\" data-element_type=\"section\" data-e-type=\"section\">\n\t\t\t\t\t\t<div class=\"elementor-container elementor-column-gap-default\">\n\t\t\t\t\t<div class=\"elementor-column elementor-col-100 elementor-top-column elementor-element elementor-element-2ec6c7f\" data-id=\"2ec6c7f\" data-element_type=\"column\" data-e-type=\"column\">\n\t\t\t<div class=\"elementor-widget-wrap elementor-element-populated\">\n\t\t\t\t\t\t<div class=\"elementor-element elementor-element-87da443 elementor-widget elementor-widget-text-editor\" data-id=\"87da443\" data-element_type=\"widget\" data-e-type=\"widget\" data-widget_type=\"text-editor.default\">\n\t\t\t\t<div class=\"elementor-widget-container\">\n\t\t\t\t\t\t\t\t\t<p><b style=\"padding: 0px; border: 0px; outline: 0px; vertical-align: baseline; background-image: initial; background-position: 0px center; background-size: initial; background-repeat: initial; background-attachment: initial; background-origin: initial; background-clip: initial; color: #1f1f1f; font-family: 'Open Sans', Arial, sans-serif; font-size: 15px;\">Taberna Volapie<\/b><br style=\"color: #1f1f1f; font-family: 'Open Sans', Arial, sans-serif; font-size: 15px;\" \/><span style=\"color: #1f1f1f; font-family: 'Open Sans', Arial, sans-serif; font-size: 15px;\">Calle Troncon 71, Fuengirola, M\u00e1laga 29640<\/span><br style=\"color: #1f1f1f; font-family: 'Open Sans', Arial, sans-serif; font-size: 15px;\" \/><span style=\"color: #1f1f1f; font-family: 'Open Sans', Arial, sans-serif; font-size: 15px;\">Tel: 952 475 342<\/span><br style=\"color: #1f1f1f; font-family: 'Open Sans', Arial, sans-serif; font-size: 15px;\" \/><span style=\"color: #1f1f1f; font-family: 'Open Sans', Arial, sans-serif; font-size: 15px;\">Category: Contemporary Spanish\/Tapas<\/span><\/p>\t\t\t\t\t\t\t\t<\/div>\n\t\t\t\t<\/div>\n\t\t\t\t\t<\/div>\n\t\t<\/div>\n\t\t\t\t\t<\/div>\n\t\t<\/section>\n\t\t\t\t<section class=\"elementor-section elementor-top-section elementor-element elementor-element-4ad9247 elementor-section-boxed elementor-section-height-default elementor-section-height-default\" data-id=\"4ad9247\" data-element_type=\"section\" data-e-type=\"section\">\n\t\t\t\t\t\t<div class=\"elementor-container elementor-column-gap-default\">\n\t\t\t\t\t<div class=\"elementor-column elementor-col-100 elementor-top-column elementor-element elementor-element-74d518b\" data-id=\"74d518b\" data-element_type=\"column\" data-e-type=\"column\">\n\t\t\t<div class=\"elementor-widget-wrap elementor-element-populated\">\n\t\t\t\t\t\t<div class=\"elementor-element elementor-element-8b16386 elementor-widget elementor-widget-text-editor\" data-id=\"8b16386\" data-element_type=\"widget\" data-e-type=\"widget\" data-widget_type=\"text-editor.default\">\n\t\t\t\t<div class=\"elementor-widget-container\">\n\t\t\t\t\t\t\t\t\t<p><b style=\"padding: 0px; border: 0px; outline: 0px; vertical-align: baseline; background-image: initial; background-position: 0px center; background-size: initial; background-repeat: initial; background-attachment: initial; background-origin: initial; background-clip: initial; color: #1f1f1f; font-family: 'Open Sans', Arial, sans-serif; font-size: 15px;\">Tanicos Restaurante<\/b><br style=\"color: #1f1f1f; font-family: 'Open Sans', Arial, sans-serif; font-size: 15px;\" \/><span style=\"color: #1f1f1f; font-family: 'Open Sans', Arial, sans-serif; font-size: 15px;\">C\/ Blas de Lezo, 2. Fuengirola, M\u00e1laga, 29640<\/span><br style=\"color: #1f1f1f; font-family: 'Open Sans', Arial, sans-serif; font-size: 15px;\" \/><span style=\"color: #1f1f1f; font-family: 'Open Sans', Arial, sans-serif; font-size: 15px;\">Tel: 952 468 178<\/span><br style=\"color: #1f1f1f; font-family: 'Open Sans', Arial, sans-serif; font-size: 15px;\" \/><span style=\"color: #1f1f1f; font-family: 'Open Sans', Arial, sans-serif; font-size: 15px;\">Category: Gastro Spanish<\/span><\/p>\t\t\t\t\t\t\t\t<\/div>\n\t\t\t\t<\/div>\n\t\t\t\t\t<\/div>\n\t\t<\/div>\n\t\t\t\t\t<\/div>\n\t\t<\/section>\n\t\t\t\t<section class=\"elementor-section elementor-top-section elementor-element elementor-element-bbbc6df elementor-section-boxed elementor-section-height-default elementor-section-height-default\" data-id=\"bbbc6df\" data-element_type=\"section\" data-e-type=\"section\">\n\t\t\t\t\t\t<div class=\"elementor-container elementor-column-gap-default\">\n\t\t\t\t\t<div class=\"elementor-column elementor-col-100 elementor-top-column elementor-element elementor-element-790ef1b\" data-id=\"790ef1b\" data-element_type=\"column\" data-e-type=\"column\">\n\t\t\t<div class=\"elementor-widget-wrap elementor-element-populated\">\n\t\t\t\t\t\t<div class=\"elementor-element elementor-element-0c8f2c7 elementor-widget elementor-widget-text-editor\" data-id=\"0c8f2c7\" data-element_type=\"widget\" data-e-type=\"widget\" data-widget_type=\"text-editor.default\">\n\t\t\t\t<div class=\"elementor-widget-container\">\n\t\t\t\t\t\t\t\t\t<p><b style=\"padding: 0px; border: 0px; outline: 0px; vertical-align: baseline; background-image: initial; background-position: 0px center; background-size: initial; background-repeat: initial; background-attachment: initial; background-origin: initial; background-clip: initial; color: #1f1f1f; font-family: 'Open Sans', Arial, sans-serif; font-size: 15px;\">Tipi Tapa<\/b><br style=\"color: #1f1f1f; font-family: 'Open Sans', Arial, sans-serif; font-size: 15px;\" \/><span style=\"color: #1f1f1f; font-family: 'Open Sans', Arial, sans-serif; font-size: 15px;\">Calle M\u00e1laga 4, Fuengirola, M\u00e1laga 29640<\/span><br style=\"color: #1f1f1f; font-family: 'Open Sans', Arial, sans-serif; font-size: 15px;\" \/><span style=\"color: #1f1f1f; font-family: 'Open Sans', Arial, sans-serif; font-size: 15px;\">Tel: 951 311 630<\/span><br style=\"color: #1f1f1f; font-family: 'Open Sans', Arial, sans-serif; font-size: 15px;\" \/><span style=\"color: #1f1f1f; font-family: 'Open Sans', Arial, sans-serif; font-size: 15px;\">Category: Contemporary Spanish\/Tapas<\/span><\/p>\t\t\t\t\t\t\t\t<\/div>\n\t\t\t\t<\/div>\n\t\t\t\t\t<\/div>\n\t\t<\/div>\n\t\t\t\t\t<\/div>\n\t\t<\/section>\n\t\t\t\t<section class=\"elementor-section elementor-top-section elementor-element elementor-element-94f18a8 elementor-section-boxed elementor-section-height-default elementor-section-height-default\" data-id=\"94f18a8\" data-element_type=\"section\" data-e-type=\"section\">\n\t\t\t\t\t\t<div class=\"elementor-container elementor-column-gap-default\">\n\t\t\t\t\t<div class=\"elementor-column elementor-col-100 elementor-top-column elementor-element elementor-element-c4734fb\" data-id=\"c4734fb\" data-element_type=\"column\" data-e-type=\"column\">\n\t\t\t<div class=\"elementor-widget-wrap elementor-element-populated\">\n\t\t\t\t\t\t<div class=\"elementor-element elementor-element-b089251 elementor-widget elementor-widget-text-editor\" data-id=\"b089251\" data-element_type=\"widget\" data-e-type=\"widget\" data-widget_type=\"text-editor.default\">\n\t\t\t\t<div class=\"elementor-widget-container\">\n\t\t\t\t\t\t\t\t\t<p><b style=\"padding: 0px; border: 0px; outline: 0px; vertical-align: baseline; background-image: initial; background-position: 0px center; background-size: initial; background-repeat: initial; background-attachment: initial; background-origin: initial; background-clip: initial; color: rgb(31, 31, 31); font-family: &quot;Open Sans&quot;, Arial, sans-serif; font-size: 15px;\">Tikus Gastrobar<\/b><br style=\"color: rgb(31, 31, 31); font-family: &quot;Open Sans&quot;, Arial, sans-serif; font-size: 15px;\"><span style=\"color: rgb(31, 31, 31); font-family: &quot;Open Sans&quot;, Arial, sans-serif; font-size: 15px;\">Boulevar de La Cala, 47, La Cala de Mijas, M\u00e1laga, 29649<\/span><br style=\"color: rgb(31, 31, 31); font-family: &quot;Open Sans&quot;, Arial, sans-serif; font-size: 15px;\"><span style=\"color: rgb(31, 31, 31); font-family: &quot;Open Sans&quot;, Arial, sans-serif; font-size: 15px;\">Tel: 952 493 620<\/span><br style=\"color: rgb(31, 31, 31); font-family: &quot;Open Sans&quot;, Arial, sans-serif; font-size: 15px;\"><span style=\"color: rgb(31, 31, 31); font-family: &quot;Open Sans&quot;, Arial, sans-serif; font-size: 15px;\">Category: Tapas-Restaurant Gourmet<\/span><br><\/p>\t\t\t\t\t\t\t\t<\/div>\n\t\t\t\t<\/div>\n\t\t\t\t\t<\/div>\n\t\t<\/div>\n\t\t\t\t\t<\/div>\n\t\t<\/section>\n\t\t\t\t<section class=\"elementor-section elementor-top-section elementor-element elementor-element-2101a15 elementor-section-boxed elementor-section-height-default elementor-section-height-default\" data-id=\"2101a15\" data-element_type=\"section\" data-e-type=\"section\">\n\t\t\t\t\t\t<div class=\"elementor-container elementor-column-gap-default\">\n\t\t\t\t\t<div class=\"elementor-column elementor-col-100 elementor-top-column elementor-element elementor-element-0f29b6f\" data-id=\"0f29b6f\" data-element_type=\"column\" data-e-type=\"column\">\n\t\t\t<div class=\"elementor-widget-wrap elementor-element-populated\">\n\t\t\t\t\t\t<div class=\"elementor-element elementor-element-3e05029 elementor-widget elementor-widget-text-editor\" data-id=\"3e05029\" data-element_type=\"widget\" data-e-type=\"widget\" data-widget_type=\"text-editor.default\">\n\t\t\t\t<div class=\"elementor-widget-container\">\n\t\t\t\t\t\t\t\t\t<p><b style=\"padding: 0px; border: 0px; outline: 0px; vertical-align: baseline; background-image: initial; background-position: 0px center; background-size: initial; background-repeat: initial; background-attachment: initial; background-origin: initial; background-clip: initial; color: #1f1f1f; font-family: 'Open Sans', Arial, sans-serif; font-size: 15px;\">Bar Playa Los Gallegos<\/b><br style=\"color: #1f1f1f; font-family: 'Open Sans', Arial, sans-serif; font-size: 15px;\" \/><span style=\"color: #1f1f1f; font-family: 'Open Sans', Arial, sans-serif; font-size: 15px;\">Playa Bajondillo s\/n | Frente al Meli\u00e1 Costa del Sol, Torremolinos, M\u00e1laga 29620<\/span><br style=\"color: #1f1f1f; font-family: 'Open Sans', Arial, sans-serif; font-size: 15px;\" \/><span style=\"color: #1f1f1f; font-family: 'Open Sans', Arial, sans-serif; font-size: 15px;\">Tel: 952 387 306<\/span><br style=\"color: #1f1f1f; font-family: 'Open Sans', Arial, sans-serif; font-size: 15px;\" \/><span style=\"color: #1f1f1f; font-family: 'Open Sans', Arial, sans-serif; font-size: 15px;\">Category: Chiringuito<\/span><\/p>\t\t\t\t\t\t\t\t<\/div>\n\t\t\t\t<\/div>\n\t\t\t\t\t<\/div>\n\t\t<\/div>\n\t\t\t\t\t<\/div>\n\t\t<\/section>\n\t\t\t\t<\/div>\n\t\t","protected":false},"excerpt":{"rendered":"<p>Spanish Restaurants West of M\u00e1laga | M\u00e1laga Food Guide Businesses<\/p>\n","protected":false},"author":1,"featured_media":0,"parent":0,"menu_order":0,"comment_status":"closed","ping_status":"closed","template":"","meta":{"cybocfi_hide_featured_image":"","footnotes":""},"class_list":["post-313","page","type-page","status-publish","hentry"],"yoast_head":"<!-- This site is optimized with the Yoast SEO plugin v27.5 - https:\/\/yoast.com\/product\/yoast-seo-wordpress\/ -->\n<title>Spanish West of M\u00e1laga - themalagafoodguide.com<\/title>\n<meta name=\"description\" content=\"The M\u00e1laga Food Guide - First for M\u00e1laga Food &amp; Lifestyle News. Launched in 2014 The M\u00e1laga Food Guide continues to be the Leading Gourmet&#039;s Guide celebrating the vibrant and eclectic food &amp; lifestyle scene in M\u00e1laga Province.\" \/>\n<meta name=\"robots\" content=\"index, follow, max-snippet:-1, max-image-preview:large, max-video-preview:-1\" \/>\n<link rel=\"canonical\" href=\"https:\/\/themalagafoodguide.com\/index.php\/spanish-west-of-malaga\/\" \/>\n<meta property=\"og:locale\" content=\"en_GB\" \/>\n<meta property=\"og:type\" content=\"article\" \/>\n<meta property=\"og:title\" content=\"Spanish West of M\u00e1laga - themalagafoodguide.com\" \/>\n<meta property=\"og:description\" content=\"The M\u00e1laga Food Guide - First for M\u00e1laga Food &amp; Lifestyle News. Launched in 2014 The M\u00e1laga Food Guide continues to be the Leading Gourmet&#039;s Guide celebrating the vibrant and eclectic food &amp; lifestyle scene in M\u00e1laga Province.\" \/>\n<meta property=\"og:url\" content=\"https:\/\/themalagafoodguide.com\/index.php\/spanish-west-of-malaga\/\" \/>\n<meta property=\"og:site_name\" content=\"themalagafoodguide.com\" \/>\n<meta property=\"article:publisher\" content=\"https:\/\/www.facebook.com\/MalagaFoodGuide\" \/>\n<meta property=\"article:modified_time\" content=\"2025-12-08T12:10:03+00:00\" \/>\n<meta property=\"og:image\" content=\"https:\/\/themalagafoodguide.com\/wp-content\/uploads\/2024\/01\/cropped-MFG3.png\" \/>\n\t<meta property=\"og:image:width\" content=\"300\" \/>\n\t<meta property=\"og:image:height\" content=\"103\" \/>\n\t<meta property=\"og:image:type\" content=\"image\/png\" \/>\n<meta name=\"twitter:card\" content=\"summary_large_image\" \/>\n<meta name=\"twitter:site\" content=\"@malagafoodguide\" \/>\n<meta name=\"twitter:label1\" content=\"Estimated reading time\" \/>\n\t<meta name=\"twitter:data1\" content=\"4 minutes\" \/>\n<script type=\"application\/ld+json\" class=\"yoast-schema-graph\">{\"@context\":\"https:\\\/\\\/schema.org\",\"@graph\":[{\"@type\":\"WebPage\",\"@id\":\"https:\\\/\\\/themalagafoodguide.com\\\/index.php\\\/spanish-west-of-malaga\\\/\",\"url\":\"https:\\\/\\\/themalagafoodguide.com\\\/index.php\\\/spanish-west-of-malaga\\\/\",\"name\":\"Spanish West of M\u00e1laga - themalagafoodguide.com\",\"isPartOf\":{\"@id\":\"https:\\\/\\\/themalagafoodguide.com\\\/#website\"},\"primaryImageOfPage\":{\"@id\":\"https:\\\/\\\/themalagafoodguide.com\\\/index.php\\\/spanish-west-of-malaga\\\/#primaryimage\"},\"image\":{\"@id\":\"https:\\\/\\\/themalagafoodguide.com\\\/index.php\\\/spanish-west-of-malaga\\\/#primaryimage\"},\"thumbnailUrl\":\"https:\\\/\\\/themalagafoodguide.com\\\/wp-content\\\/uploads\\\/2024\\\/01\\\/cropped-MFG3.png\",\"datePublished\":\"2023-08-18T13:48:47+00:00\",\"dateModified\":\"2025-12-08T12:10:03+00:00\",\"description\":\"The M\u00e1laga Food Guide - First for M\u00e1laga Food & Lifestyle News. Launched in 2014 The M\u00e1laga Food Guide continues to be the Leading Gourmet's Guide celebrating the vibrant and eclectic food & lifestyle scene in M\u00e1laga Province.\",\"breadcrumb\":{\"@id\":\"https:\\\/\\\/themalagafoodguide.com\\\/index.php\\\/spanish-west-of-malaga\\\/#breadcrumb\"},\"inLanguage\":\"en-GB\",\"potentialAction\":[{\"@type\":\"ReadAction\",\"target\":[\"https:\\\/\\\/themalagafoodguide.com\\\/index.php\\\/spanish-west-of-malaga\\\/\"]}]},{\"@type\":\"ImageObject\",\"inLanguage\":\"en-GB\",\"@id\":\"https:\\\/\\\/themalagafoodguide.com\\\/index.php\\\/spanish-west-of-malaga\\\/#primaryimage\",\"url\":\"https:\\\/\\\/themalagafoodguide.com\\\/wp-content\\\/uploads\\\/2024\\\/01\\\/cropped-MFG3.png\",\"contentUrl\":\"https:\\\/\\\/themalagafoodguide.com\\\/wp-content\\\/uploads\\\/2024\\\/01\\\/cropped-MFG3.png\",\"width\":300,\"height\":103},{\"@type\":\"BreadcrumbList\",\"@id\":\"https:\\\/\\\/themalagafoodguide.com\\\/index.php\\\/spanish-west-of-malaga\\\/#breadcrumb\",\"itemListElement\":[{\"@type\":\"ListItem\",\"position\":1,\"name\":\"Home\",\"item\":\"https:\\\/\\\/themalagafoodguide.com\\\/\"},{\"@type\":\"ListItem\",\"position\":2,\"name\":\"Spanish West of M\u00e1laga\"}]},{\"@type\":\"WebSite\",\"@id\":\"https:\\\/\\\/themalagafoodguide.com\\\/#website\",\"url\":\"https:\\\/\\\/themalagafoodguide.com\\\/\",\"name\":\"themalagafoodguide.com\",\"description\":\"First for M\u00e1laga Food News ...\",\"publisher\":{\"@id\":\"https:\\\/\\\/themalagafoodguide.com\\\/#organization\"},\"potentialAction\":[{\"@type\":\"SearchAction\",\"target\":{\"@type\":\"EntryPoint\",\"urlTemplate\":\"https:\\\/\\\/themalagafoodguide.com\\\/?s={search_term_string}\"},\"query-input\":{\"@type\":\"PropertyValueSpecification\",\"valueRequired\":true,\"valueName\":\"search_term_string\"}}],\"inLanguage\":\"en-GB\"},{\"@type\":\"Organization\",\"@id\":\"https:\\\/\\\/themalagafoodguide.com\\\/#organization\",\"name\":\"Argus IIS\",\"alternateName\":\"iXlabs\",\"url\":\"https:\\\/\\\/themalagafoodguide.com\\\/\",\"logo\":{\"@type\":\"ImageObject\",\"inLanguage\":\"en-GB\",\"@id\":\"https:\\\/\\\/themalagafoodguide.com\\\/#\\\/schema\\\/logo\\\/image\\\/\",\"url\":\"https:\\\/\\\/themalagafoodguide.com\\\/wp-content\\\/uploads\\\/2023\\\/10\\\/MFG_Favicon_Blue.png\",\"contentUrl\":\"https:\\\/\\\/themalagafoodguide.com\\\/wp-content\\\/uploads\\\/2023\\\/10\\\/MFG_Favicon_Blue.png\",\"width\":225,\"height\":225,\"caption\":\"Argus IIS\"},\"image\":{\"@id\":\"https:\\\/\\\/themalagafoodguide.com\\\/#\\\/schema\\\/logo\\\/image\\\/\"},\"sameAs\":[\"https:\\\/\\\/www.facebook.com\\\/MalagaFoodGuide\",\"https:\\\/\\\/x.com\\\/malagafoodguide\",\"https:\\\/\\\/www.instagram.com\\\/malagafoodguide2023\\\/\"]}]}<\/script>\n<!-- \/ Yoast SEO plugin. -->","yoast_head_json":{"title":"Spanish West of M\u00e1laga - themalagafoodguide.com","description":"The M\u00e1laga Food Guide - First for M\u00e1laga Food & Lifestyle News. Launched in 2014 The M\u00e1laga Food Guide continues to be the Leading Gourmet's Guide celebrating the vibrant and eclectic food & lifestyle scene in M\u00e1laga Province.","robots":{"index":"index","follow":"follow","max-snippet":"max-snippet:-1","max-image-preview":"max-image-preview:large","max-video-preview":"max-video-preview:-1"},"canonical":"https:\/\/themalagafoodguide.com\/index.php\/spanish-west-of-malaga\/","og_locale":"en_GB","og_type":"article","og_title":"Spanish West of M\u00e1laga - themalagafoodguide.com","og_description":"The M\u00e1laga Food Guide - First for M\u00e1laga Food & Lifestyle News. Launched in 2014 The M\u00e1laga Food Guide continues to be the Leading Gourmet's Guide celebrating the vibrant and eclectic food & lifestyle scene in M\u00e1laga Province.","og_url":"https:\/\/themalagafoodguide.com\/index.php\/spanish-west-of-malaga\/","og_site_name":"themalagafoodguide.com","article_publisher":"https:\/\/www.facebook.com\/MalagaFoodGuide","article_modified_time":"2025-12-08T12:10:03+00:00","og_image":[{"width":300,"height":103,"url":"https:\/\/themalagafoodguide.com\/wp-content\/uploads\/2024\/01\/cropped-MFG3.png","type":"image\/png"}],"twitter_card":"summary_large_image","twitter_site":"@malagafoodguide","twitter_misc":{"Estimated reading time":"4 minutes"},"schema":{"@context":"https:\/\/schema.org","@graph":[{"@type":"WebPage","@id":"https:\/\/themalagafoodguide.com\/index.php\/spanish-west-of-malaga\/","url":"https:\/\/themalagafoodguide.com\/index.php\/spanish-west-of-malaga\/","name":"Spanish West of M\u00e1laga - themalagafoodguide.com","isPartOf":{"@id":"https:\/\/themalagafoodguide.com\/#website"},"primaryImageOfPage":{"@id":"https:\/\/themalagafoodguide.com\/index.php\/spanish-west-of-malaga\/#primaryimage"},"image":{"@id":"https:\/\/themalagafoodguide.com\/index.php\/spanish-west-of-malaga\/#primaryimage"},"thumbnailUrl":"https:\/\/themalagafoodguide.com\/wp-content\/uploads\/2024\/01\/cropped-MFG3.png","datePublished":"2023-08-18T13:48:47+00:00","dateModified":"2025-12-08T12:10:03+00:00","description":"The M\u00e1laga Food Guide - First for M\u00e1laga Food & Lifestyle News. Launched in 2014 The M\u00e1laga Food Guide continues to be the Leading Gourmet's Guide celebrating the vibrant and eclectic food & lifestyle scene in M\u00e1laga Province.","breadcrumb":{"@id":"https:\/\/themalagafoodguide.com\/index.php\/spanish-west-of-malaga\/#breadcrumb"},"inLanguage":"en-GB","potentialAction":[{"@type":"ReadAction","target":["https:\/\/themalagafoodguide.com\/index.php\/spanish-west-of-malaga\/"]}]},{"@type":"ImageObject","inLanguage":"en-GB","@id":"https:\/\/themalagafoodguide.com\/index.php\/spanish-west-of-malaga\/#primaryimage","url":"https:\/\/themalagafoodguide.com\/wp-content\/uploads\/2024\/01\/cropped-MFG3.png","contentUrl":"https:\/\/themalagafoodguide.com\/wp-content\/uploads\/2024\/01\/cropped-MFG3.png","width":300,"height":103},{"@type":"BreadcrumbList","@id":"https:\/\/themalagafoodguide.com\/index.php\/spanish-west-of-malaga\/#breadcrumb","itemListElement":[{"@type":"ListItem","position":1,"name":"Home","item":"https:\/\/themalagafoodguide.com\/"},{"@type":"ListItem","position":2,"name":"Spanish West of M\u00e1laga"}]},{"@type":"WebSite","@id":"https:\/\/themalagafoodguide.com\/#website","url":"https:\/\/themalagafoodguide.com\/","name":"themalagafoodguide.com","description":"First for M\u00e1laga Food News ...","publisher":{"@id":"https:\/\/themalagafoodguide.com\/#organization"},"potentialAction":[{"@type":"SearchAction","target":{"@type":"EntryPoint","urlTemplate":"https:\/\/themalagafoodguide.com\/?s={search_term_string}"},"query-input":{"@type":"PropertyValueSpecification","valueRequired":true,"valueName":"search_term_string"}}],"inLanguage":"en-GB"},{"@type":"Organization","@id":"https:\/\/themalagafoodguide.com\/#organization","name":"Argus IIS","alternateName":"iXlabs","url":"https:\/\/themalagafoodguide.com\/","logo":{"@type":"ImageObject","inLanguage":"en-GB","@id":"https:\/\/themalagafoodguide.com\/#\/schema\/logo\/image\/","url":"https:\/\/themalagafoodguide.com\/wp-content\/uploads\/2023\/10\/MFG_Favicon_Blue.png","contentUrl":"https:\/\/themalagafoodguide.com\/wp-content\/uploads\/2023\/10\/MFG_Favicon_Blue.png","width":225,"height":225,"caption":"Argus IIS"},"image":{"@id":"https:\/\/themalagafoodguide.com\/#\/schema\/logo\/image\/"},"sameAs":["https:\/\/www.facebook.com\/MalagaFoodGuide","https:\/\/x.com\/malagafoodguide","https:\/\/www.instagram.com\/malagafoodguide2023\/"]}]}},"_links":{"self":[{"href":"https:\/\/themalagafoodguide.com\/index.php\/wp-json\/wp\/v2\/pages\/313","targetHints":{"allow":["GET"]}}],"collection":[{"href":"https:\/\/themalagafoodguide.com\/index.php\/wp-json\/wp\/v2\/pages"}],"about":[{"href":"https:\/\/themalagafoodguide.com\/index.php\/wp-json\/wp\/v2\/types\/page"}],"author":[{"embeddable":true,"href":"https:\/\/themalagafoodguide.com\/index.php\/wp-json\/wp\/v2\/users\/1"}],"replies":[{"embeddable":true,"href":"https:\/\/themalagafoodguide.com\/index.php\/wp-json\/wp\/v2\/comments?post=313"}],"version-history":[{"count":47,"href":"https:\/\/themalagafoodguide.com\/index.php\/wp-json\/wp\/v2\/pages\/313\/revisions"}],"predecessor-version":[{"id":3934,"href":"https:\/\/themalagafoodguide.com\/index.php\/wp-json\/wp\/v2\/pages\/313\/revisions\/3934"}],"wp:attachment":[{"href":"https:\/\/themalagafoodguide.com\/index.php\/wp-json\/wp\/v2\/media?parent=313"}],"curies":[{"name":"wp","href":"https:\/\/api.w.org\/{rel}","templated":true}]}}